{"id":21802,"date":"2021-12-27T14:00:11","date_gmt":"2021-12-27T13:00:11","guid":{"rendered":"https:\/\/entefire.it\/fire\/?post_type=product&#038;p=21802"},"modified":"2024-05-03T16:34:47","modified_gmt":"2024-05-03T14:34:47","slug":"mpt2","status":"publish","type":"product","link":"https:\/\/entefire.it\/fire\/corsi\/mpt2\/","title":{"rendered":"Tecnico programmatore &#038; sviluppatore software"},"content":{"rendered":"<p>[et_pb_section fb_built=&#8221;1&#8243; fullwidth=&#8221;on&#8221; custom_padding_last_edited=&#8221;on|desktop&#8221; disabled_on=&#8221;on|off|off&#8221; admin_label=&#8221;Banner superiore&#8221; _builder_version=&#8221;4.16&#8243; background_color=&#8221;#ffffff&#8221; max_width_tablet=&#8221;&#8221; max_width_phone=&#8221;&#8221; max_width_last_edited=&#8221;on|phone&#8221; custom_padding_tablet=&#8221;2px|0|2px|0|true|&#8221; custom_padding_phone=&#8221;&#8221; bottom_divider_color=&#8221;#ffffff&#8221; bottom_divider_height=&#8221;60px&#8221; bottom_divider_flip=&#8221;horizontal&#8221; animation_style=&#8221;slide&#8221; animation_direction=&#8221;top&#8221; animation_duration=&#8221;500ms&#8221; border_radii=&#8221;on|40px|40px|40px|40px&#8221; border_width_all=&#8221;4px&#8221; border_color_all=&#8221;#ffffff&#8221; box_shadow_style=&#8221;preset3&#8243; padding_mobile=&#8221;off&#8221; saved_tabs=&#8221;all&#8221; locked=&#8221;off&#8221; collapsed=&#8221;on&#8221; global_colors_info=&#8221;{}&#8221;][et_pb_fullwidth_slider show_content_on_mobile=&#8221;off&#8221; show_cta_on_mobile=&#8221;off&#8221; use_text_overlay=&#8221;off&#8221; arrows_custom_color=&#8221;#ffffff&#8221; dot_nav_custom_color=&#8221;#ffffff&#8221; disabled_on=&#8221;on|on|off&#8221; admin_label=&#8221;Fullwidth Slider&#8221; _builder_version=&#8221;4.19.4&#8243; header_level=&#8221;h1&#8243; header_font=&#8221;Source Sans Pro|700|||||||&#8221; header_text_color=&#8221;#ffffff&#8221; header_font_size=&#8221;54px&#8221; body_font=&#8221;|600|||||||&#8221; body_text_color=&#8221;#ffffff&#8221; body_font_size=&#8221;24px&#8221; body_line_height=&#8221;1.4em&#8221; background_color=&#8221;#ffffff&#8221; background_enable_image=&#8221;off&#8221; custom_button=&#8221;on&#8221; button_icon=&#8221;&#x3c;||divi||400&#8243; button_icon_placement=&#8221;left&#8221; min_height=&#8221;400px&#8221; height=&#8221;400px&#8221; max_height=&#8221;400px&#8221; custom_padding=&#8221;70px||70px||true|&#8221; custom_padding_tablet=&#8221;|||&#8221; custom_padding_phone=&#8221;|||&#8221; filter_brightness=&#8221;105%&#8221; auto=&#8221;on&#8221; auto_speed=&#8221;6000&#8243; auto_ignore_hover=&#8221;on&#8221; hover_transition_duration=&#8221;1000ms&#8221; hover_transition_delay=&#8221;100ms&#8221; hover_transition_speed_curve=&#8221;ease-out&#8221; header_text_shadow_style=&#8221;preset1&#8243; body_text_shadow_style=&#8221;preset1&#8243; border_radii=&#8221;on|40px|40px|40px|40px&#8221; box_shadow_style=&#8221;preset3&#8243; box_shadow_color=&#8221;rgba(0,0,0,0.1)&#8221; global_colors_info=&#8221;{}&#8221; button_text_size__hover_enabled=&#8221;off&#8221; button_one_text_size__hover_enabled=&#8221;off&#8221; button_two_text_size__hover_enabled=&#8221;off&#8221; button_text_color__hover_enabled=&#8221;off&#8221; button_one_text_color__hover_enabled=&#8221;off&#8221; button_two_text_color__hover_enabled=&#8221;off&#8221; button_border_width__hover_enabled=&#8221;off&#8221; button_one_border_width__hover_enabled=&#8221;off&#8221; button_two_border_width__hover_enabled=&#8221;off&#8221; button_border_color__hover_enabled=&#8221;off&#8221; button_one_border_color__hover_enabled=&#8221;off&#8221; button_two_border_color__hover_enabled=&#8221;off&#8221; button_border_radius__hover_enabled=&#8221;off&#8221; button_one_border_radius__hover_enabled=&#8221;off&#8221; button_two_border_radius__hover_enabled=&#8221;off&#8221; button_letter_spacing__hover_enabled=&#8221;off&#8221; button_one_letter_spacing__hover_enabled=&#8221;off&#8221; button_two_letter_spacing__hover_enabled=&#8221;off&#8221; button_bg_color__hover_enabled=&#8221;off&#8221; button_one_bg_color__hover_enabled=&#8221;off&#8221; button_two_bg_color__hover_enabled=&#8221;off&#8221;][et_pb_slide heading=&#8221;MATCHPOINT&#8221; use_bg_overlay=&#8221;off&#8221; use_text_overlay=&#8221;on&#8221; text_overlay_color=&#8221;rgba(155,21,21,0.68)&#8221; arrows_custom_color=&#8221;#ffffff&#8221; dot_nav_custom_color=&#8221;#ffffff&#8221; text_border_radius=&#8221;60px&#8221; _builder_version=&#8221;4.19.4&#8243; header_font=&#8221;Source Sans Pro||||||||&#8221; header_text_color=&#8221;#ffffff&#8221; header_font_size=&#8221;60px&#8221; body_font=&#8221;||||||||&#8221; body_text_color=&#8221;#ffffff&#8221; body_font_size=&#8221;20px&#8221; body_line_height=&#8221;2.1em&#8221; background_enable_color=&#8221;off&#8221; background_image=&#8221;https:\/\/entefire.it\/fire\/wp-content\/uploads\/Corsi-lunga-durata.png&#8221; background_enable_image=&#8221;on&#8221; parallax=&#8221;on&#8221; parallax_method=&#8221;off&#8221; background_enable_video_mp4=&#8221;off&#8221; background_enable_video_webm=&#8221;off&#8221; filter_saturate=&#8221;127%&#8221; header_font_size_tablet=&#8221;42px&#8221; header_font_size_phone=&#8221;30px&#8221; header_font_size_last_edited=&#8221;on|desktop&#8221; body_font_size_tablet=&#8221;20px&#8221; body_font_size_phone=&#8221;16px&#8221; body_font_size_last_edited=&#8221;on|desktop&#8221; body_line_height_tablet=&#8221;1.5em&#8221; body_line_height_phone=&#8221;&#8221; body_line_height_last_edited=&#8221;on|desktop&#8221; background_last_edited=&#8221;on|desktop&#8221; parallax_tablet=&#8221;off&#8221; background_size_tablet=&#8221;cover&#8221; background_position_tablet=&#8221;bottom_center&#8221; background_position_phone=&#8221;bottom_center&#8221; button_text_size_tablet=&#8221;22px&#8221; button_text_size_phone=&#8221;22px&#8221; button_text_size_last_edited=&#8221;on|tablet&#8221; global_colors_info=&#8221;{}&#8221; button_text_size__hover_enabled=&#8221;off&#8221; button_one_text_size__hover_enabled=&#8221;off&#8221; button_two_text_size__hover_enabled=&#8221;off&#8221; button_text_color__hover_enabled=&#8221;off&#8221; button_one_text_color__hover_enabled=&#8221;off&#8221; button_two_text_color__hover_enabled=&#8221;off&#8221; button_border_width__hover_enabled=&#8221;off&#8221; button_one_border_width__hover_enabled=&#8221;off&#8221; button_two_border_width__hover_enabled=&#8221;off&#8221; button_border_color__hover_enabled=&#8221;off&#8221; button_one_border_color__hover_enabled=&#8221;off&#8221; button_two_border_color__hover_enabled=&#8221;off&#8221; button_border_radius__hover_enabled=&#8221;off&#8221; button_one_border_radius__hover_enabled=&#8221;off&#8221; button_two_border_radius__hover_enabled=&#8221;off&#8221; button_letter_spacing__hover_enabled=&#8221;off&#8221; button_one_letter_spacing__hover_enabled=&#8221;off&#8221; button_two_letter_spacing__hover_enabled=&#8221;off&#8221; button_bg_color__hover_enabled=&#8221;off&#8221; button_one_bg_color__hover_enabled=&#8221;off&#8221; button_two_bg_color__hover_enabled=&#8221;off&#8221; sticky_transition=&#8221;on&#8221;]<\/p>\n<p>Corsi da 600 ore in alternanza scuola\/lavoro per disoccupati under-30<\/p>\n<p>[\/et_pb_slide][\/et_pb_fullwidth_slider][\/et_pb_section][et_pb_section fb_built=&#8221;1&#8243; _builder_version=&#8221;4.16&#8243; _module_preset=&#8221;default&#8221; locked=&#8221;off&#8221; global_colors_info=&#8221;{}&#8221;][et_pb_row _builder_version=&#8221;4.16&#8243; _module_preset=&#8221;default&#8221; custom_padding=&#8221;50px|||||&#8221; global_colors_info=&#8221;{}&#8221;][et_pb_column type=&#8221;4_4&#8243; _builder_version=&#8221;4.16&#8243; _module_preset=&#8221;default&#8221; global_colors_info=&#8221;{}&#8221;][et_pb_wc_title _builder_version=&#8221;4.16&#8243; _module_preset=&#8221;default&#8221; header_font=&#8221;|600|||||||&#8221; header_line_height=&#8221;1.4em&#8221; global_colors_info=&#8221;{}&#8221;][\/et_pb_wc_title][\/et_pb_column][\/et_pb_row][et_pb_row _builder_version=&#8221;4.16&#8243; _module_preset=&#8221;default&#8221; global_colors_info=&#8221;{}&#8221;][et_pb_column type=&#8221;4_4&#8243; _builder_version=&#8221;4.16&#8243; _module_preset=&#8221;default&#8221; global_colors_info=&#8221;{}&#8221;][et_pb_divider divider_weight=&#8221;3px&#8221; _builder_version=&#8221;4.16&#8243; _module_preset=&#8221;default&#8221; global_colors_info=&#8221;{}&#8221;][\/et_pb_divider][\/et_pb_column][\/et_pb_row][et_pb_row column_structure=&#8221;3_5,2_5&#8243; _builder_version=&#8221;4.19.3&#8243; _module_preset=&#8221;default&#8221; locked=&#8221;off&#8221; global_colors_info=&#8221;{}&#8221;][et_pb_column type=&#8221;3_5&#8243; _builder_version=&#8221;4.19.3&#8243; _module_preset=&#8221;default&#8221; global_colors_info=&#8221;{}&#8221;][et_pb_image src=&#8221;https:\/\/entefire.it\/fire\/wp-content\/uploads\/tag-iscrizioni-chiuse@large.png&#8221; title_text=&#8221;tag iscrizioni chiuse@large&#8221; _builder_version=&#8221;4.16&#8243; _module_preset=&#8221;default&#8221; global_colors_info=&#8221;{}&#8221;][\/et_pb_image][\/et_pb_column][et_pb_column type=&#8221;2_5&#8243; _builder_version=&#8221;4.19.3&#8243; _module_preset=&#8221;default&#8221; global_colors_info=&#8221;{}&#8221;][\/et_pb_column][\/et_pb_row][\/et_pb_section][et_pb_section fb_built=&#8221;1&#8243; _builder_version=&#8221;4.16&#8243; _module_preset=&#8221;default&#8221; custom_padding=&#8221;0px||28px||false|false&#8221; locked=&#8221;off&#8221; global_colors_info=&#8221;{}&#8221;][et_pb_row column_structure=&#8221;3_5,2_5&#8243; _builder_version=&#8221;4.16&#8243; custom_padding=&#8221;50px||0px|||&#8221; global_colors_info=&#8221;{}&#8221;][et_pb_column type=&#8221;3_5&#8243; _builder_version=&#8221;4.16&#8243; global_colors_info=&#8221;{}&#8221;][et_pb_wc_meta separator=&#8221;|&#8221; _builder_version=&#8221;4.16&#8243; global_colors_info=&#8221;{}&#8221;][\/et_pb_wc_meta][et_pb_wc_rating _builder_version=&#8221;4.16&#8243; _module_preset=&#8221;default&#8221; rating_font_size=&#8221;20px&#8221; body_text_color=&#8221;#087ad7&#8243; body_font_size=&#8221;15px&#8221; global_colors_info=&#8221;{}&#8221;][\/et_pb_wc_rating][et_pb_text _builder_version=&#8221;4.16&#8243; _module_preset=&#8221;default&#8221; custom_padding=&#8221;28px|||||&#8221; global_colors_info=&#8221;{}&#8221;]<\/p>\n<h2 style=\"text-align: justify;\">Scopo del corso<\/h2>\n<p>&nbsp;<\/p>\n<p style=\"text-align: justify;\">La figura in uscita dal percorso <strong>TECNICO PROGRAMMATORE E SVILUPPATORE SOFTWARE<\/strong> avr\u00e0 consapevolezza delle regole e delle caratteristiche del mercato del lavoro e dell&#8217;organizzazione aziendale secondo i modelli ed i principali elementi che contribuiscono al funzionamento delle imprese.\u00a0 Sapr\u00e0 applicare procedure ed istruzioni operative del Sistema di Qualit\u00e0 aziendale, discernendone i principi che lo ispirano. Operer\u00e0 in sicurezza sui luoghi di lavoro utilizzando strumenti, attrezzature e dispositivi adeguati. Acquisir\u00e0 competenze trasversali che \u00e8 necessario avere per affrontare con successo il mondo del lavoro quali creativit\u00e0, problem solving, capacit\u00e0 di ascolto e relazione, sperimentazione, propensione all\u2019innovazione, flessibilit\u00e0 e adattabilit\u00e0, resistenza allo stress, autonomia, capacit\u00e0 di lavorare in gruppo. Acquisir\u00e0 le competenze di base sugli algoritmi e la programmazione applicando metodologie per la gestione del ciclo di vita del software. Sar\u00e0 in grado di utilizzare metodologie e tecniche di test, adottare opportune metodologie, pattern e framework per lo sviluppo del codice, programmare con linguaggi Object Oriented e di scripting.<\/p>\n<p>[\/et_pb_text][et_pb_text _builder_version=&#8221;4.16&#8243; custom_padding=&#8221;||5px|||&#8221; global_colors_info=&#8221;{}&#8221;]<\/p>\n<h2 style=\"text-align: justify;\"><span>Alternanza scuola-lavoro<\/span><\/h2>\n<p style=\"text-align: justify;\"><strong>Per alternanza formativa <\/strong>si intende una parte di percorso da svolgere in ambiente lavorativo, presso aziende convenzionate, con obiettivi formativi condivisi tra organismo di formazione, azienda e utente destinatario. L\u2019alternanza in azienda si configura come tirocinio curriculare (stage), per garantire una maggiore efficacia in termini di apprendimento, \u00e8 preferibile, per\u00f2, che non si svolga in un\u2019unica soluzione al termine di tutte\u00a0le ore di formazione in aula previste, ma sia un momento di apprendimento <strong>on the job<\/strong> attuato periodicamente lungo tutto il percorso formativo.<span><\/span><span><\/span><\/p>\n<p>[\/et_pb_text][\/et_pb_column][et_pb_column type=&#8221;2_5&#8243; _builder_version=&#8221;4.16&#8243; global_colors_info=&#8221;{}&#8221;][et_pb_image src=&#8221;https:\/\/entefire.it\/fire\/wp-content\/uploads\/ASL2-programmatore@4x.png&#8221; alt=&#8221;Comunicazione efficace&#8221; title_text=&#8221;ASL2 programmatore@4x&#8221; _builder_version=&#8221;4.16&#8243; global_colors_info=&#8221;{}&#8221;][\/et_pb_image][et_pb_image src=&#8221;https:\/\/entefire.it\/fire\/wp-content\/uploads\/Manifesto-dd2712_FIRE_matchpoint_Tecnico-Programmatore-e-Sviluppatore-Software.jpg&#8221; title_text=&#8221;~ai-2c5195d8-7c0d-4590-bd16-5d7b56eaf850_&#8221; show_in_lightbox=&#8221;on&#8221; _builder_version=&#8221;4.17.1&#8243; _module_preset=&#8221;default&#8221; custom_margin=&#8221;84px||||false|false&#8221; global_colors_info=&#8221;{}&#8221;][\/et_pb_image][\/et_pb_column][\/et_pb_row][et_pb_row admin_label=&#8221;Loghi istituzionali&#8221; _builder_version=&#8221;4.16&#8243; background_color=&#8221;#e0e0e0&#8243; width_tablet=&#8221;&#8221; width_phone=&#8221;85%&#8221; width_last_edited=&#8221;on|desktop&#8221; min_height=&#8221;124px&#8221; custom_margin=&#8221;30px|auto||auto|false|false&#8221; custom_padding=&#8221;4px||18px|||&#8221; border_radii=&#8221;on|40px|40px|40px|40px&#8221; border_width_all=&#8221;3px&#8221; border_color_all=&#8221;#087ad7&#8243; locked=&#8221;off&#8221; collapsed=&#8221;on&#8221; global_colors_info=&#8221;{}&#8221;][et_pb_column type=&#8221;4_4&#8243; _builder_version=&#8221;4.16&#8243; global_colors_info=&#8221;{}&#8221;][et_pb_text _builder_version=&#8221;4.16&#8243; text_orientation=&#8221;center&#8221; custom_margin=&#8221;||||false|false&#8221; custom_padding=&#8221;20px||||false|false&#8221; locked=&#8221;off&#8221; global_colors_info=&#8221;{}&#8221;]<\/p>\n<p style=\"text-align: center;\">Programma Operativo <em><strong>Regione Liguria<\/strong><\/em> 2014-2020 <em><strong>Fondo Sociale Europeo<\/strong><\/em> Asse I &#8220;Occupazione&#8221;<\/p>\n<p>[\/et_pb_text][et_pb_image src=&#8221;https:\/\/entefire.it\/fire\/wp-content\/uploads\/Loghi-regione.png&#8221; alt=&#8221;Loghi Istituzioni&#8221; title_text=&#8221;Loghi Istituzioni&#8221; align=&#8221;center&#8221; _builder_version=&#8221;4.16&#8243; width=&#8221;400px&#8221; width_tablet=&#8221;85%&#8221; width_phone=&#8221;&#8221; width_last_edited=&#8221;on|phone&#8221; custom_margin=&#8221;0px||0px||false|false&#8221; custom_padding=&#8221;0px||0px||false|false&#8221; global_colors_info=&#8221;{}&#8221;][\/et_pb_image][\/et_pb_column][\/et_pb_row][et_pb_row column_structure=&#8221;3_5,2_5&#8243; _builder_version=&#8221;4.16&#8243; _module_preset=&#8221;default&#8221; global_colors_info=&#8221;{}&#8221;][et_pb_column type=&#8221;3_5&#8243; _builder_version=&#8221;4.16&#8243; _module_preset=&#8221;default&#8221; global_colors_info=&#8221;{}&#8221;][et_pb_text _builder_version=&#8221;4.16&#8243; _module_preset=&#8221;default&#8221; custom_padding=&#8221;20px||||false|false&#8221; global_colors_info=&#8221;{}&#8221;]<\/p>\n<h2>Liguria Digitale: un partner d&#8217;eccezione<\/h2>\n<p style=\"text-align: justify;\">Rendere\u00a0pi\u00f9 digitale\u00a0la vita dei cittadini \u00e8 il nostro mestiere. Oggi ancora di pi\u00f9. Ci impegniamo a trovare\u00a0soluzioni digitali\u00a0per semplificare\u00a0molti servizi\u00a0e rendere\u00a0pi\u00f9 attrattiva\u00a0la Liguria, anche per le imprese e per i turisti.\u00a0 Pensiamo al\u00a0futuro digitale\u00a0della nostra regione e\u00a0lavoriamo ogni giorno per favorire la\u00a0cultura del cambiamento\u00a0e affrontare le sfide dell\u2019innovazione tecnologica.<\/p>\n<p style=\"text-align: justify;\">Ogni anno\u00a0<strong>decine di ragazzi<\/strong>\u00a0entrano a far parte della nostra squadra,\u00a0condividendo con noi momenti formativi, esperienze di alternanza scuola-lavoro, stage, work experience.<br \/>A loro \u00e8 dedicato questo fantastico corso.<\/p>\n<p>[\/et_pb_text][\/et_pb_column][et_pb_column type=&#8221;2_5&#8243; _builder_version=&#8221;4.16&#8243; _module_preset=&#8221;default&#8221; global_colors_info=&#8221;{}&#8221;][et_pb_image src=&#8221;https:\/\/entefire.it\/fire\/wp-content\/uploads\/Logo-LIGURIA-DIGITALE.png&#8221; alt=&#8221;Liguria Digitale&#8221; title_text=&#8221;Liguria Digitale&#8221; url=&#8221;https:\/\/www.liguriadigitale.it\/&#8221; url_new_window=&#8221;on&#8221; _builder_version=&#8221;4.16&#8243; _module_preset=&#8221;default&#8221; custom_padding=&#8221;17px||||false|false&#8221; global_colors_info=&#8221;{}&#8221;][\/et_pb_image][\/et_pb_column][\/et_pb_row][\/et_pb_section][et_pb_section fb_built=&#8221;1&#8243; module_id=&#8221;info&#8221; _builder_version=&#8221;4.16&#8243; _module_preset=&#8221;default&#8221; background_color=&#8221;rgba(0,0,0,0.1)&#8221; width=&#8221;100%&#8221; max_width=&#8221;100%&#8221; module_alignment=&#8221;center&#8221; custom_margin=&#8221;10px||19px||false|false&#8221; custom_padding=&#8221;20px||9px||false|false&#8221; border_radii=&#8221;on|60px|60px|60px|60px&#8221; border_width_all=&#8221;2px&#8221; border_color_all=&#8221;#087ad7&#8243; box_shadow_style=&#8221;preset2&#8243; locked=&#8221;off&#8221; global_colors_info=&#8221;{}&#8221;][et_pb_row column_structure=&#8221;3_5,2_5&#8243; _builder_version=&#8221;4.16&#8243; _module_preset=&#8221;default&#8221; custom_padding=&#8221;0px||0px|||&#8221; global_colors_info=&#8221;{}&#8221;][et_pb_column type=&#8221;3_5&#8243; _builder_version=&#8221;4.16&#8243; _module_preset=&#8221;default&#8221; global_colors_info=&#8221;{}&#8221;][et_pb_text _builder_version=&#8221;4.16&#8243; _module_preset=&#8221;default&#8221; header_font=&#8221;|600|||||||&#8221; header_text_align=&#8221;center&#8221; header_text_color=&#8221;#FFFFFF&#8221; background_color=&#8221;#C1C1C1&#8243; custom_margin=&#8221;||30px||false|false&#8221; custom_padding=&#8221;8px||0px||false|false&#8221; animation_style=&#8221;slide&#8221; animation_direction=&#8221;top&#8221; animation_intensity_slide=&#8221;25%&#8221; border_radii=&#8221;on|20px|20px|20px|20px&#8221; global_colors_info=&#8221;{}&#8221;]<\/p>\n<h1>Scheda di sintesi<\/h1>\n<p>[\/et_pb_text][\/et_pb_column][et_pb_column type=&#8221;2_5&#8243; _builder_version=&#8221;4.16&#8243; _module_preset=&#8221;default&#8221; global_colors_info=&#8221;{}&#8221;][et_pb_button button_url=&#8221;https:\/\/entefire.it\/fire\/moduli\/matchPoint\/SB_mb_MATCH_FIRE_skinfo_signed.pdf&#8221; url_new_window=&#8221;on&#8221; button_text=&#8221;Scarica la scheda informativa&#8221; button_alignment=&#8221;right&#8221; _builder_version=&#8221;4.17.3&#8243; _module_preset=&#8221;default&#8221; custom_button=&#8221;on&#8221; button_text_color=&#8221;#DA2C2A&#8221; button_bg_color=&#8221;#FFFFFF&#8221; button_border_color=&#8221;#DA2C2A&#8221; custom_margin=&#8221;4px||||false|false&#8221; locked=&#8221;off&#8221; global_colors_info=&#8221;{}&#8221; transform_styles__hover_enabled=&#8221;on|hover&#8221; transform_scale__hover_enabled=&#8221;on|hover&#8221; transform_translate__hover_enabled=&#8221;on|desktop&#8221; transform_rotate__hover_enabled=&#8221;on|desktop&#8221; transform_skew__hover_enabled=&#8221;on|desktop&#8221; transform_origin__hover_enabled=&#8221;on|desktop&#8221; transform_scale__hover=&#8221;110%|110%&#8221;][\/et_pb_button][\/et_pb_column][\/et_pb_row][et_pb_row column_structure=&#8221;1_3,1_3,1_3&#8243; _builder_version=&#8221;4.16&#8243; background_enable_color=&#8221;off&#8221; custom_padding=&#8221;5px||6px|||&#8221; global_colors_info=&#8221;{}&#8221;][et_pb_column type=&#8221;1_3&#8243; _builder_version=&#8221;4.16&#8243; global_colors_info=&#8221;{}&#8221;][et_pb_blurb title=&#8221;Durata del corso&#8221; use_icon=&#8221;on&#8221; font_icon=&#8221;&#xe06b;||divi||400&#8243; icon_placement=&#8221;left&#8221; image_icon_width=&#8221;45px&#8221; _builder_version=&#8221;4.16&#8243; icon_font_size=&#8221;45px&#8221; global_colors_info=&#8221;{}&#8221;]<\/p>\n<p><strong>600 ore <\/strong>complessive in alternanza scuola\/lavoro<\/p>\n<p>[\/et_pb_blurb][\/et_pb_column][et_pb_column type=&#8221;1_3&#8243; _builder_version=&#8221;4.16&#8243; global_colors_info=&#8221;{}&#8221;][et_pb_blurb title=&#8221;Fase d&#8217;aula (300 ore)&#8221; use_icon=&#8221;on&#8221; font_icon=&#8221;&#xf51c;||fa||900&#8243; icon_placement=&#8221;left&#8221; image_icon_width=&#8221;45px&#8221; _builder_version=&#8221;4.16&#8243; icon_font_size=&#8221;45px&#8221; global_colors_info=&#8221;{}&#8221;]<\/p>\n<p><b>30 ore settimanali <\/b>(da luned\u00ec a venerd\u00ec 8.30-14.30)<\/p>\n<p>[\/et_pb_blurb][\/et_pb_column][et_pb_column type=&#8221;1_3&#8243; _builder_version=&#8221;4.16&#8243; global_colors_info=&#8221;{}&#8221;][et_pb_blurb title=&#8221;Fase di stage (300 ore)&#8221; use_icon=&#8221;on&#8221; font_icon=&#8221;&#xe0f4;||divi||400&#8243; icon_placement=&#8221;left&#8221; image_icon_width=&#8221;45px&#8221; _builder_version=&#8221;4.16&#8243; icon_font_size=&#8221;45px&#8221; global_colors_info=&#8221;{}&#8221;]<\/p>\n<p><b>40 ore settimanali <\/b>(da luned\u00ec a venerd\u00ec)<\/p>\n<p>[\/et_pb_blurb][\/et_pb_column][\/et_pb_row][et_pb_row _builder_version=&#8221;4.16&#8243; _module_preset=&#8221;default&#8221; custom_padding=&#8221;13px||0px|||&#8221; global_colors_info=&#8221;{}&#8221;][et_pb_column type=&#8221;4_4&#8243; _builder_version=&#8221;4.16&#8243; _module_preset=&#8221;default&#8221; global_colors_info=&#8221;{}&#8221;][et_pb_divider _builder_version=&#8221;4.16&#8243; _module_preset=&#8221;default&#8221; global_colors_info=&#8221;{}&#8221;][\/et_pb_divider][\/et_pb_column][\/et_pb_row][et_pb_row column_structure=&#8221;2_3,1_3&#8243; _builder_version=&#8221;4.16&#8243; background_enable_color=&#8221;off&#8221; custom_padding=&#8221;4px||0px|||&#8221; global_colors_info=&#8221;{}&#8221;][et_pb_column type=&#8221;2_3&#8243; _builder_version=&#8221;4.16&#8243; global_colors_info=&#8221;{}&#8221;][et_pb_blurb title=&#8221;Pre-requisiti&#8221; use_icon=&#8221;on&#8221; font_icon=&#8221;&#xe086;||divi||400&#8243; icon_placement=&#8221;left&#8221; image_icon_width=&#8221;45px&#8221; _builder_version=&#8221;4.16&#8243; icon_font_size=&#8221;45px&#8221; global_colors_info=&#8221;{}&#8221;]<\/p>\n<p>Ottima conoscenza della lingua italiana, predisposizione al ruolo e <strong>buon utilizzo del PC<\/strong>.<\/p>\n<p>[\/et_pb_blurb][\/et_pb_column][et_pb_column type=&#8221;1_3&#8243; _builder_version=&#8221;4.16&#8243; global_colors_info=&#8221;{}&#8221;][et_pb_blurb title=&#8221;Difficolt\u00e0 del corso&#8221; use_icon=&#8221;on&#8221; font_icon=&#8221;&#xe0f2;||divi||400&#8243; icon_placement=&#8221;left&#8221; image_icon_width=&#8221;45px&#8221; _builder_version=&#8221;4.16&#8243; icon_font_size=&#8221;45px&#8221; global_colors_info=&#8221;{}&#8221;]<\/p>\n<p><img loading=\"lazy\" decoding=\"async\" src=\"https:\/\/entefire.it\/fire\/wp-content\/uploads\/Tag-MEDIO@2x.png\" width=\"215\" height=\"40\" alt=\"\" class=\"wp-image-16320 alignnone size-full\" title=\"\"><\/p>\n<p>[\/et_pb_blurb][\/et_pb_column][\/et_pb_row][et_pb_row _builder_version=&#8221;4.16&#8243; _module_preset=&#8221;default&#8221; custom_padding=&#8221;13px||0px|||&#8221; global_colors_info=&#8221;{}&#8221;][et_pb_column type=&#8221;4_4&#8243; _builder_version=&#8221;4.16&#8243; _module_preset=&#8221;default&#8221; global_colors_info=&#8221;{}&#8221;][et_pb_divider _builder_version=&#8221;4.16&#8243; _module_preset=&#8221;default&#8221; global_colors_info=&#8221;{}&#8221;][\/et_pb_divider][\/et_pb_column][\/et_pb_row][et_pb_row column_structure=&#8221;2_3,1_3&#8243; _builder_version=&#8221;4.16&#8243; _module_preset=&#8221;default&#8221; custom_padding=&#8221;0px||0px|||&#8221; global_colors_info=&#8221;{}&#8221;][et_pb_column type=&#8221;2_3&#8243; _builder_version=&#8221;4.16&#8243; _module_preset=&#8221;default&#8221; global_colors_info=&#8221;{}&#8221;][et_pb_blurb title=&#8221;Chi pu\u00f2 accedervi&#8221; use_icon=&#8221;on&#8221; font_icon=&#8221;&#xf058;||fa||900&#8243; icon_color=&#8221;#00B700&#8243; icon_placement=&#8221;left&#8221; image_icon_width=&#8221;45px&#8221; content_max_width=&#8221;100%&#8221; _builder_version=&#8221;4.16&#8243; custom_margin=&#8221;||0px||false|false&#8221; custom_padding=&#8221;||0px||false|false&#8221; icon_font_size=&#8221;45px&#8221; locked=&#8221;off&#8221; global_colors_info=&#8221;{}&#8221;]<\/p>\n<div class=\"page\" title=\"Page 1\" style=\"text-align: justify;\">10 giovani maggiorenni <strong>disoccupati<\/strong>, inoccupati e inattivi, <strong>residenti o domiciliati in Liguria<\/strong> di <strong>et\u00e0 inferiore ai 30 anni<\/strong> che abbiano assolto l\u2019obbligo di istruzione (*).<\/div>\n<div class=\"page\" title=\"Page 1\" style=\"text-align: justify;\"><em>(*)\u00a0Per i nati dal 01\/01\/1993 l\u2019obbligo scolastico si intende assolto con l\u2019ammissione al terzo anno di scuola superiore o la frequenza di dieci anni di studio al compimento del 18\u00b0 anno di et\u00e0.<\/em><\/div>\n<p>[\/et_pb_blurb][\/et_pb_column][et_pb_column type=&#8221;1_3&#8243; _builder_version=&#8221;4.16&#8243; _module_preset=&#8221;default&#8221; global_colors_info=&#8221;{}&#8221;][et_pb_blurb title=&#8221;Chi non pu\u00f2 accedervi&#8221; use_icon=&#8221;on&#8221; font_icon=&#8221;&#xf057;||fa||900&#8243; icon_color=&#8221;#DA2C2A&#8221; icon_placement=&#8221;left&#8221; image_icon_width=&#8221;45px&#8221; content_max_width=&#8221;100%&#8221; _builder_version=&#8221;4.16&#8243; custom_margin=&#8221;||||false|false&#8221; custom_padding=&#8221;||||false|false&#8221; icon_font_size=&#8221;45px&#8221; locked=&#8221;off&#8221; global_colors_info=&#8221;{}&#8221;]<\/p>\n<div class=\"page\" title=\"Page 1\" style=\"text-align: justify;\">Persone occupate, over 30, residenti e domiciliati fuori dalla Liguria<\/div>\n<p>[\/et_pb_blurb][\/et_pb_column][\/et_pb_row][et_pb_row _builder_version=&#8221;4.16&#8243; _module_preset=&#8221;default&#8221; custom_padding=&#8221;21px||0px|||&#8221; global_colors_info=&#8221;{}&#8221;][et_pb_column type=&#8221;4_4&#8243; _builder_version=&#8221;4.16&#8243; _module_preset=&#8221;default&#8221; global_colors_info=&#8221;{}&#8221;][et_pb_divider _builder_version=&#8221;4.16&#8243; _module_preset=&#8221;default&#8221; global_colors_info=&#8221;{}&#8221;][\/et_pb_divider][\/et_pb_column][\/et_pb_row][et_pb_row column_structure=&#8221;2_3,1_3&#8243; _builder_version=&#8221;4.16&#8243; _module_preset=&#8221;default&#8221; custom_padding=&#8221;0px||0px|||&#8221; global_colors_info=&#8221;{}&#8221;][et_pb_column type=&#8221;2_3&#8243; _builder_version=&#8221;4.16&#8243; _module_preset=&#8221;default&#8221; global_colors_info=&#8221;{}&#8221;][et_pb_blurb title=&#8221;Attestato rilasciato&#8221; use_icon=&#8221;on&#8221; font_icon=&#8221;&#xe078;||divi||400&#8243; icon_placement=&#8221;left&#8221; image_icon_width=&#8221;45px&#8221; _builder_version=&#8221;4.16&#8243; icon_font_size=&#8221;45px&#8221; global_colors_info=&#8221;{}&#8221;]<\/p>\n<p>Al termine del corso gli allievi potranno sostenere l\u2019esame per l\u2019ottenimento della qualifica professionale avente <strong>codice ISTAT:<\/strong>\u00a0 3.1.2.1.0 \u201c<strong>TECNICO PROGRAMMATORE<\/strong>\u201d.<\/p>\n<p>[\/et_pb_blurb][\/et_pb_column][et_pb_column type=&#8221;1_3&#8243; _builder_version=&#8221;4.16&#8243; _module_preset=&#8221;default&#8221; global_colors_info=&#8221;{}&#8221;][et_pb_blurb title=&#8221;Assenze&#8221; use_icon=&#8221;on&#8221; font_icon=&#8221;&#xf04e;||fa||900&#8243; icon_placement=&#8221;left&#8221; image_icon_width=&#8221;45px&#8221; _builder_version=&#8221;4.16&#8243; icon_font_size=&#8221;45px&#8221; global_colors_info=&#8221;{}&#8221;]<\/p>\n<p>Consentite (<span style=\"text-decoration: underline;\">ma sconsigliate<\/span>) <b>fino a 120 ore<\/b> di assenza.<\/p>\n<p>[\/et_pb_blurb][\/et_pb_column][\/et_pb_row][et_pb_row _builder_version=&#8221;4.16&#8243; _module_preset=&#8221;default&#8221; custom_padding=&#8221;21px||0px|||&#8221; global_colors_info=&#8221;{}&#8221;][et_pb_column type=&#8221;4_4&#8243; _builder_version=&#8221;4.16&#8243; _module_preset=&#8221;default&#8221; global_colors_info=&#8221;{}&#8221;][et_pb_divider _builder_version=&#8221;4.16&#8243; _module_preset=&#8221;default&#8221; global_colors_info=&#8221;{}&#8221;][\/et_pb_divider][\/et_pb_column][\/et_pb_row][et_pb_row column_structure=&#8221;1_3,1_3,1_3&#8243; _builder_version=&#8221;4.16&#8243; background_enable_color=&#8221;off&#8221; custom_margin=&#8221;-8px|auto||auto||&#8221; custom_padding=&#8221;14px||17px|||&#8221; locked=&#8221;off&#8221; global_colors_info=&#8221;{}&#8221;][et_pb_column type=&#8221;1_3&#8243; _builder_version=&#8221;4.16&#8243; global_colors_info=&#8221;{}&#8221;][et_pb_blurb title=&#8221;Iscrizioni&#8221; use_icon=&#8221;on&#8221; font_icon=&#8221;&#xe023;||divi||400&#8243; icon_placement=&#8221;left&#8221; image_icon_width=&#8221;45px&#8221; _builder_version=&#8221;4.17.4&#8243; icon_font_size=&#8221;45px&#8221; locked=&#8221;off&#8221; global_colors_info=&#8221;{}&#8221;]<\/p>\n<p>da <strong>02\/05<\/strong> a <strong>10\/06<\/strong><\/p>\n<p>[\/et_pb_blurb][\/et_pb_column][et_pb_column type=&#8221;1_3&#8243; _builder_version=&#8221;4.16&#8243; global_colors_info=&#8221;{}&#8221;][et_pb_blurb title=&#8221;Selezioni&#8221; use_icon=&#8221;on&#8221; font_icon=&#8221;&#xe023;||divi||400&#8243; icon_placement=&#8221;left&#8221; image_icon_width=&#8221;45px&#8221; _builder_version=&#8221;4.17.4&#8243; custom_margin=&#8221;||27px|||&#8221; icon_font_size=&#8221;45px&#8221; locked=&#8221;off&#8221; global_colors_info=&#8221;{}&#8221;]<\/p>\n<p>14-15 giugno 2022<\/p>\n<p>[\/et_pb_blurb][\/et_pb_column][et_pb_column type=&#8221;1_3&#8243; _builder_version=&#8221;4.16&#8243; global_colors_info=&#8221;{}&#8221;][et_pb_blurb title=&#8221;Partenza corso&#8221; use_icon=&#8221;on&#8221; font_icon=&#8221;&#xe023;||divi||400&#8243; icon_placement=&#8221;left&#8221; image_icon_width=&#8221;45px&#8221; _builder_version=&#8221;4.17.1&#8243; icon_font_size=&#8221;45px&#8221; locked=&#8221;off&#8221; global_colors_info=&#8221;{}&#8221;]<\/p>\n<p><strong>Giugno 2022<\/strong><\/p>\n<p>[\/et_pb_blurb][\/et_pb_column][\/et_pb_row][et_pb_row _builder_version=&#8221;4.19.4&#8243; _module_preset=&#8221;default&#8221; locked=&#8221;off&#8221; global_colors_info=&#8221;{}&#8221;][et_pb_column type=&#8221;4_4&#8243; _builder_version=&#8221;4.19.4&#8243; _module_preset=&#8221;default&#8221; global_colors_info=&#8221;{}&#8221;][et_pb_text _builder_version=&#8221;4.19.4&#8243; _module_preset=&#8221;default&#8221; text_font=&#8221;|700|||||||&#8221; text_text_color=&#8221;#FFFFFF&#8221; text_font_size=&#8221;20px&#8221; background_color=&#8221;#DA2C2A&#8221; text_orientation=&#8221;center&#8221; custom_margin=&#8221;||0px||false|false&#8221; custom_padding=&#8221;10px||10px||false|false&#8221; border_radii=&#8221;on|78px|78px|78px|78px&#8221; locked=&#8221;off&#8221; global_colors_info=&#8221;{}&#8221;]<\/p>\n<p>IL CORSO E&#8217; CONCLUSO<\/p>\n<p>[\/et_pb_text][\/et_pb_column][\/et_pb_row][\/et_pb_section][et_pb_section fb_built=&#8221;1&#8243; _builder_version=&#8221;4.16&#8243; _module_preset=&#8221;default&#8221; custom_padding=&#8221;30px||33px||false|false&#8221; locked=&#8221;off&#8221; global_colors_info=&#8221;{}&#8221;][et_pb_row column_structure=&#8221;3_5,2_5&#8243; admin_label=&#8221;Descrizione e immagini del corso&#8221; _builder_version=&#8221;4.16&#8243; collapsed=&#8221;off&#8221; global_colors_info=&#8221;{}&#8221;][et_pb_column type=&#8221;3_5&#8243; _builder_version=&#8221;4.16&#8243; global_colors_info=&#8221;{}&#8221;][et_pb_text _builder_version=&#8221;4.16&#8243; global_colors_info=&#8221;{}&#8221;]<\/p>\n<h2>Programma del corso<\/h2>\n<p>[\/et_pb_text][et_pb_accordion _builder_version=&#8221;4.16&#8243; custom_margin=&#8221;||1px|||&#8221; border_width_all=&#8221;3px&#8221; border_color_all=&#8221;#c1c1c1&#8243; locked=&#8221;off&#8221; global_colors_info=&#8221;{}&#8221;][et_pb_accordion_item title=&#8221;Moduli formativi (300 ore in totale)&#8221; open=&#8221;on&#8221; _builder_version=&#8221;4.16&#8243; _module_preset=&#8221;default&#8221; global_colors_info=&#8221;{}&#8221;]<\/p>\n<p><strong>Back-end per applicazioni web (40 ore)<\/strong><\/p>\n<p>Acquisire competenze di base per la progettazione e sviluppo di servizi di backend con interfaccia REST<\/p>\n<p><strong>Reti per tecnologie web (20 ore)<\/strong><\/p>\n<p>Acquisire competenze sulle Reti di Telecomunicazioni: architetture funzionali, protocolli per reti fisse e mobili, sulle applicazioni web.<\/p>\n<p><strong>Privacy by design per applicazioni web (8 ore)<\/strong><\/p>\n<p>Cenni normativi, tecniche e metodologie per sviluppare applicazioni secondo il paradigma privacy by design<\/p>\n<p><strong>Base dati (30 ore)<\/strong><\/p>\n<p>Acquisire le competenze di base per la progettazione di una base di dati: diagramma E\/R, i modelli, e i principi del Linguaggio SQL. Configurazione di un DBMS. Cenni sui principali DBMS (mySQL, PostGres, MS SQL server).<\/p>\n<p><strong>HTML\/CSS (32 ore)<\/strong><\/p>\n<p>Acquisire competenze sui principali linguaggi di programmazione per il web: introduzione ad HTML\/HTMLS\/CSS<\/p>\n<p><strong>Cybersecurity (20 ore)<\/strong><\/p>\n<p>Inquadrare il tema della sicurezza informatica da un punto di vista normativo e gestionale. Sicurezza e privacy su applicazioni web<\/p>\n<p><strong>Debug applicazioni web (20 ore)<\/strong><\/p>\n<p>Acquisire competenze e familiarit\u00e0 con gli strumenti di debug applicazioni web<\/p>\n<p><strong>Programmazione in Javascript (40 ore)<\/strong><\/p>\n<p>Programmazione lato client (javascript, jscript,AJax) e lato server (PHP). Principi di sintassi, strutture di controllo, gestione delle sessioni e interazione client-server.<\/p>\n<p><strong>Sviluppo REACT (100 ore)<\/strong><\/p>\n<p>Acquisire competenze per la realizzazione di frontend interattivi e moderni per applicazioni web e mobile attraverso l&#8217;utilizzo del framework javascript REACT<\/p>\n<p>[\/et_pb_accordion_item][\/et_pb_accordion][\/et_pb_column][et_pb_column type=&#8221;2_5&#8243; _builder_version=&#8221;4.16&#8243; global_colors_info=&#8221;{}&#8221;][et_pb_text _builder_version=&#8221;4.16&#8243; locked=&#8221;off&#8221; global_colors_info=&#8221;{}&#8221;]<\/p>\n<h2>Recensioni<\/h2>\n<p>[\/et_pb_text][et_pb_wc_reviews show_avatar=&#8221;off&#8221; show_count=&#8221;off&#8221; disabled_on=&#8221;off|off|off&#8221; _builder_version=&#8221;4.5.0&#8243; _module_preset=&#8221;default&#8221; form_field_background_color=&#8221;#ffffff&#8221; form_field_text_color=&#8221;#0148aa&#8221; form_field_custom_margin=&#8221;8px||||false|false&#8221; header_font=&#8221;|700|||||||&#8221; header_text_align=&#8221;center&#8221; header_text_color=&#8221;#494949&#8243; title_text_color=&#8221;#494949&#8243; meta_text_color=&#8221;#da2c2a&#8221; meta_line_height=&#8221;2em&#8221; body_text_color=&#8221;#494949&#8243; rating_text_color=&#8221;#da2c2a&#8221; rating_font_size=&#8221;24px&#8221; background_color=&#8221;#ffd954&#8243; button_alignment=&#8221;center&#8221; custom_margin=&#8221;||40px|||&#8221; custom_padding=&#8221;17px|15px|0px|15px|false|false&#8221; animation_style=&#8221;slide&#8221; animation_direction=&#8221;right&#8221; border_radii=&#8221;on|30px|30px|30px|30px&#8221; border_width_all=&#8221;3px&#8221; border_color_all=&#8221;#ffffff&#8221; border_radii_fields=&#8221;on|10px|10px|10px|10px&#8221; border_width_all_fields=&#8221;1px&#8221; border_color_all_fields=&#8221;#c1c1c1&#8243; box_shadow_style=&#8221;preset2&#8243; box_shadow_style_fields=&#8221;preset3&#8243; global_module=&#8221;15197&#8243; saved_tabs=&#8221;all&#8221; locked=&#8221;off&#8221; global_colors_info=&#8221;{}&#8221;][\/et_pb_wc_reviews][et_pb_image src=&#8221;https:\/\/entefire.it\/fire\/wp-content\/uploads\/Badge-Qualifica-Professionale@4x.png&#8221; alt=&#8221;Attestato di frequenza&#8221; title_text=&#8221;Badge Qualifica Professionale@4x&#8221; _builder_version=&#8221;4.16&#8243; custom_margin=&#8221;30px||30px||false|false&#8221; custom_padding=&#8221;56px||56px||true|false&#8221; global_colors_info=&#8221;{}&#8221;][\/et_pb_image][\/et_pb_column][\/et_pb_row][\/et_pb_section][et_pb_section fb_built=&#8221;1&#8243; _builder_version=&#8221;4.16&#8243; _module_preset=&#8221;default&#8221; custom_padding=&#8221;0px||44px|||&#8221; locked=&#8221;off&#8221; global_colors_info=&#8221;{}&#8221;][et_pb_row _builder_version=&#8221;4.16&#8243; _module_preset=&#8221;default&#8221; global_colors_info=&#8221;{}&#8221;][et_pb_column type=&#8221;4_4&#8243; _builder_version=&#8221;4.16&#8243; _module_preset=&#8221;default&#8221; global_colors_info=&#8221;{}&#8221;][et_pb_text _builder_version=&#8221;4.16&#8243; _module_preset=&#8221;default&#8221; global_colors_info=&#8221;{}&#8221;]<\/p>\n<p style=\"text-align: center;\">L&#8217;Operazione in oggetto \u00e8 stata approvata con il DD n. 2712 del 21\/12\/2021<\/p>\n<p>[\/et_pb_text][\/et_pb_column][\/et_pb_row][\/et_pb_section]<\/p>\n","protected":false},"excerpt":{"rendered":"<p>Corsi da 600 ore in alternanza scuola\/lavoro per disoccupati under-30Scopo del corso &nbsp; La figura in uscita dal percorso TECNICO PROGRAMMATORE E SVILUPPATORE SOFTWARE avr\u00e0 consapevolezza delle regole e delle caratteristiche del mercato del lavoro e dell&#8217;organizzazione aziendale secondo i modelli ed i principali elementi che contribuiscono al funzionamento delle imprese.\u00a0 Sapr\u00e0 applicare procedure ed [&hellip;]<\/p>\n","protected":false},"featured_media":21727,"comment_status":"open","ping_status":"closed","template":"","meta":{"_et_pb_use_builder":"on","_et_pb_old_content":"","_et_gb_content_width":""},"product_brand":[],"product_cat":[281,271,54],"product_tag":[211],"class_list":{"0":"post-21802","1":"product","2":"type-product","3":"status-publish","4":"has-post-thumbnail","6":"product_cat-corsi-finanziati","7":"product_cat-corsi-in-aula","8":"product_cat-corsi-online","9":"product_tag-linguaggi-di-programmazione","11":"first","12":"outofstock","13":"virtual","14":"taxable","15":"product-type-simple"},"_links":{"self":[{"href":"https:\/\/entefire.it\/fire\/wp-json\/wp\/v2\/product\/21802","targetHints":{"allow":["GET"]}}],"collection":[{"href":"https:\/\/entefire.it\/fire\/wp-json\/wp\/v2\/product"}],"about":[{"href":"https:\/\/entefire.it\/fire\/wp-json\/wp\/v2\/types\/product"}],"replies":[{"embeddable":true,"href":"https:\/\/entefire.it\/fire\/wp-json\/wp\/v2\/comments?post=21802"}],"wp:featuredmedia":[{"embeddable":true,"href":"https:\/\/entefire.it\/fire\/wp-json\/wp\/v2\/media\/21727"}],"wp:attachment":[{"href":"https:\/\/entefire.it\/fire\/wp-json\/wp\/v2\/media?parent=21802"}],"wp:term":[{"taxonomy":"product_brand","embeddable":true,"href":"https:\/\/entefire.it\/fire\/wp-json\/wp\/v2\/product_brand?post=21802"},{"taxonomy":"product_cat","embeddable":true,"href":"https:\/\/entefire.it\/fire\/wp-json\/wp\/v2\/product_cat?post=21802"},{"taxonomy":"product_tag","embeddable":true,"href":"https:\/\/entefire.it\/fire\/wp-json\/wp\/v2\/product_tag?post=21802"}],"curies":[{"name":"wp","href":"https:\/\/api.w.org\/{rel}","templated":true}]}}