{"id":9829,"date":"2020-07-03T17:18:08","date_gmt":"2020-07-03T15:18:08","guid":{"rendered":"https:\/\/entefire.it\/fire\/?post_type=product&#038;p=9829"},"modified":"2025-08-29T12:28:05","modified_gmt":"2025-08-29T10:28:05","slug":"digital-marketing-cdo","status":"publish","type":"product","link":"https:\/\/entefire.it\/fire\/corsi\/digital-marketing-cdo\/","title":{"rendered":"Digital Marketing and CDO"},"content":{"rendered":"<p>[et_pb_section fb_built=&#8221;1&#8243; inner_shadow=&#8221;on&#8221; fullwidth=&#8221;on&#8221; disabled_on=&#8221;on|off|off&#8221; admin_label=&#8221;Testata grafica&#8221; _builder_version=&#8221;4.16&#8243; background_color=&#8221;rgba(0,0,0,0)&#8221; custom_margin=&#8221;0px||0px||false|false&#8221; custom_padding=&#8221;0px||0px||false|false&#8221; bottom_divider_color=&#8221;#ffffff&#8221; bottom_divider_height=&#8221;70px&#8221; bottom_divider_flip=&#8221;horizontal&#8221; animation_style=&#8221;slide&#8221; animation_direction=&#8221;top&#8221; animation_duration=&#8221;500ms&#8221; border_radii=&#8221;on|40px|40px|40px|40px&#8221; border_width_all=&#8221;4px&#8221; border_color_all=&#8221;#ffffff&#8221; box_shadow_style=&#8221;preset3&#8243; locked=&#8221;off&#8221; collapsed=&#8221;on&#8221; global_colors_info=&#8221;{}&#8221;][et_pb_fullwidth_slider show_content_on_mobile=&#8221;off&#8221; show_cta_on_mobile=&#8221;off&#8221; use_text_overlay=&#8221;off&#8221; arrows_custom_color=&#8221;#ffffff&#8221; dot_nav_custom_color=&#8221;#ffffff&#8221; disabled_on=&#8221;on|on|off&#8221; admin_label=&#8221;Fullwidth Slider&#8221; _builder_version=&#8221;4.16&#8243; header_level=&#8221;h1&#8243; header_font=&#8221;Source Sans Pro|700|||||||&#8221; header_text_color=&#8221;#ffffff&#8221; header_font_size=&#8221;54px&#8221; body_font=&#8221;|600|||||||&#8221; body_text_color=&#8221;#ffffff&#8221; body_font_size=&#8221;24px&#8221; body_line_height=&#8221;1.4em&#8221; background_color=&#8221;#ffffff&#8221; background_enable_image=&#8221;off&#8221; min_height=&#8221;400px&#8221; height=&#8221;400px&#8221; max_height=&#8221;400px&#8221; custom_padding=&#8221;70px||70px||true|&#8221; custom_padding_tablet=&#8221;|||&#8221; custom_padding_phone=&#8221;|||&#8221; filter_brightness=&#8221;105%&#8221; auto=&#8221;on&#8221; auto_speed=&#8221;6000&#8243; auto_ignore_hover=&#8221;on&#8221; hover_transition_duration=&#8221;1000ms&#8221; hover_transition_delay=&#8221;100ms&#8221; hover_transition_speed_curve=&#8221;ease-out&#8221; header_text_shadow_style=&#8221;preset1&#8243; body_text_shadow_style=&#8221;preset1&#8243; border_radii=&#8221;on|40px|40px|40px|40px&#8221; box_shadow_style=&#8221;preset3&#8243; box_shadow_color=&#8221;rgba(0,0,0,0.1)&#8221; locked=&#8221;off&#8221; global_colors_info=&#8221;{}&#8221; button_text_size__hover_enabled=&#8221;off&#8221; button_one_text_size__hover_enabled=&#8221;off&#8221; button_two_text_size__hover_enabled=&#8221;off&#8221; button_text_color__hover_enabled=&#8221;off&#8221; button_one_text_color__hover_enabled=&#8221;off&#8221; button_two_text_color__hover_enabled=&#8221;off&#8221; button_border_width__hover_enabled=&#8221;off&#8221; button_one_border_width__hover_enabled=&#8221;off&#8221; button_two_border_width__hover_enabled=&#8221;off&#8221; button_border_color__hover_enabled=&#8221;off&#8221; button_one_border_color__hover_enabled=&#8221;off&#8221; button_two_border_color__hover_enabled=&#8221;off&#8221; button_border_radius__hover_enabled=&#8221;off&#8221; button_one_border_radius__hover_enabled=&#8221;off&#8221; button_two_border_radius__hover_enabled=&#8221;off&#8221; button_letter_spacing__hover_enabled=&#8221;off&#8221; button_one_letter_spacing__hover_enabled=&#8221;off&#8221; button_two_letter_spacing__hover_enabled=&#8221;off&#8221; button_bg_color__hover_enabled=&#8221;off&#8221; button_one_bg_color__hover_enabled=&#8221;off&#8221; button_two_bg_color__hover_enabled=&#8221;off&#8221;][et_pb_slide heading=&#8221;Formazione continua&#8221; use_bg_overlay=&#8221;off&#8221; use_text_overlay=&#8221;on&#8221; text_overlay_color=&#8221;rgba(0,76,112,0.74)&#8221; arrows_custom_color=&#8221;#ffffff&#8221; dot_nav_custom_color=&#8221;#ffffff&#8221; text_border_radius=&#8221;60px&#8221; _builder_version=&#8221;4.16&#8243; header_font=&#8221;Source Sans Pro||||||||&#8221; header_text_color=&#8221;#ffffff&#8221; header_font_size=&#8221;60px&#8221; body_font=&#8221;||||||||&#8221; body_text_color=&#8221;#ffffff&#8221; body_font_size=&#8221;20px&#8221; body_line_height=&#8221;2.1em&#8221; background_enable_color=&#8221;off&#8221; background_image=&#8221;https:\/\/entefire.it\/fire\/wp-content\/uploads\/Young-people-1280&#215;854-1.png&#8221; background_enable_image=&#8221;on&#8221; parallax=&#8221;on&#8221; parallax_method=&#8221;off&#8221; background_enable_video_mp4=&#8221;off&#8221; background_enable_video_webm=&#8221;off&#8221; filter_saturate=&#8221;127%&#8221; header_font_size_tablet=&#8221;42px&#8221; header_font_size_phone=&#8221;30px&#8221; header_font_size_last_edited=&#8221;on|desktop&#8221; body_font_size_tablet=&#8221;20px&#8221; body_font_size_phone=&#8221;16px&#8221; body_font_size_last_edited=&#8221;on|desktop&#8221; body_line_height_tablet=&#8221;1.5em&#8221; body_line_height_phone=&#8221;&#8221; body_line_height_last_edited=&#8221;on|desktop&#8221; background_last_edited=&#8221;on|desktop&#8221; parallax_tablet=&#8221;off&#8221; background_size_tablet=&#8221;cover&#8221; background_position_tablet=&#8221;bottom_center&#8221; background_position_phone=&#8221;bottom_center&#8221; button_text_size_tablet=&#8221;22px&#8221; button_text_size_phone=&#8221;22px&#8221; button_text_size_last_edited=&#8221;on|tablet&#8221; locked=&#8221;off&#8221; global_colors_info=&#8221;{}&#8221; button_text_size__hover_enabled=&#8221;off&#8221; button_one_text_size__hover_enabled=&#8221;off&#8221; button_two_text_size__hover_enabled=&#8221;off&#8221; button_text_color__hover_enabled=&#8221;off&#8221; button_one_text_color__hover_enabled=&#8221;off&#8221; button_two_text_color__hover_enabled=&#8221;off&#8221; button_border_width__hover_enabled=&#8221;off&#8221; button_one_border_width__hover_enabled=&#8221;off&#8221; button_two_border_width__hover_enabled=&#8221;off&#8221; button_border_color__hover_enabled=&#8221;off&#8221; button_one_border_color__hover_enabled=&#8221;off&#8221; button_two_border_color__hover_enabled=&#8221;off&#8221; button_border_radius__hover_enabled=&#8221;off&#8221; button_one_border_radius__hover_enabled=&#8221;off&#8221; button_two_border_radius__hover_enabled=&#8221;off&#8221; button_letter_spacing__hover_enabled=&#8221;off&#8221; button_one_letter_spacing__hover_enabled=&#8221;off&#8221; button_two_letter_spacing__hover_enabled=&#8221;off&#8221; button_bg_color__hover_enabled=&#8221;off&#8221; button_one_bg_color__hover_enabled=&#8221;off&#8221; button_two_bg_color__hover_enabled=&#8221;off&#8221; sticky_transition=&#8221;on&#8221;]<\/p>\n<p><span>Corsi a voucher gratuiti\u00a0| Catalogo B2<\/span><br \/> <span>Disoccupati<\/span><\/p>\n<p>[\/et_pb_slide][\/et_pb_fullwidth_slider][\/et_pb_section][et_pb_section fb_built=&#8221;1&#8243; _builder_version=&#8221;4.16&#8243; _module_preset=&#8221;default&#8221; global_colors_info=&#8221;{}&#8221;][et_pb_row _builder_version=&#8221;4.16&#8243; _module_preset=&#8221;default&#8221; custom_padding=&#8221;50px|||||&#8221; global_colors_info=&#8221;{}&#8221;][et_pb_column type=&#8221;4_4&#8243; _builder_version=&#8221;4.16&#8243; _module_preset=&#8221;default&#8221; global_colors_info=&#8221;{}&#8221;][et_pb_wc_title _builder_version=&#8221;4.16&#8243; _module_preset=&#8221;default&#8221; header_font=&#8221;|600|||||||&#8221; header_line_height=&#8221;1.4em&#8221; global_colors_info=&#8221;{}&#8221;][\/et_pb_wc_title][\/et_pb_column][\/et_pb_row][et_pb_row _builder_version=&#8221;4.16&#8243; _module_preset=&#8221;default&#8221; global_colors_info=&#8221;{}&#8221;][et_pb_column type=&#8221;4_4&#8243; _builder_version=&#8221;4.16&#8243; _module_preset=&#8221;default&#8221; global_colors_info=&#8221;{}&#8221;][et_pb_divider divider_weight=&#8221;3px&#8221; _builder_version=&#8221;4.16&#8243; _module_preset=&#8221;default&#8221; global_colors_info=&#8221;{}&#8221;][\/et_pb_divider][\/et_pb_column][\/et_pb_row][et_pb_row column_structure=&#8221;3_5,2_5&#8243; _builder_version=&#8221;4.19.3&#8243; _module_preset=&#8221;default&#8221; global_colors_info=&#8221;{}&#8221;][et_pb_column type=&#8221;3_5&#8243; _builder_version=&#8221;4.19.3&#8243; _module_preset=&#8221;default&#8221; global_colors_info=&#8221;{}&#8221;][et_pb_image src=&#8221;https:\/\/entefire.it\/fire\/wp-content\/uploads\/tag-iscrizioni-chiuse@large.png&#8221; title_text=&#8221;tag iscrizioni chiuse@large&#8221; _builder_version=&#8221;4.16&#8243; _module_preset=&#8221;default&#8221; global_colors_info=&#8221;{}&#8221;][\/et_pb_image][\/et_pb_column][et_pb_column type=&#8221;2_5&#8243; _builder_version=&#8221;4.19.3&#8243; _module_preset=&#8221;default&#8221; global_colors_info=&#8221;{}&#8221;][\/et_pb_column][\/et_pb_row][\/et_pb_section][et_pb_section fb_built=&#8221;1&#8243; _builder_version=&#8221;4.16&#8243; _module_preset=&#8221;default&#8221; custom_padding=&#8221;40px||29px||false|false&#8221; locked=&#8221;off&#8221; global_colors_info=&#8221;{}&#8221;][et_pb_row column_structure=&#8221;3_5,2_5&#8243; _builder_version=&#8221;4.16&#8243; custom_margin=&#8221;|auto|20px|auto||&#8221; custom_padding=&#8221;||0px|||&#8221; global_colors_info=&#8221;{}&#8221;][et_pb_column type=&#8221;3_5&#8243; _builder_version=&#8221;4.16&#8243; global_colors_info=&#8221;{}&#8221;][et_pb_wc_meta separator=&#8221;|&#8221; _builder_version=&#8221;4.16&#8243; global_colors_info=&#8221;{}&#8221;][\/et_pb_wc_meta][et_pb_wc_rating _builder_version=&#8221;4.16&#8243; _module_preset=&#8221;default&#8221; rating_font_size=&#8221;20px&#8221; body_text_color=&#8221;#087ad7&#8243; body_font_size=&#8221;15px&#8221; global_colors_info=&#8221;{}&#8221;][\/et_pb_wc_rating][et_pb_text _builder_version=&#8221;4.16&#8243; _module_preset=&#8221;default&#8221; global_colors_info=&#8221;{}&#8221;]<\/p>\n<p style=\"text-align: justify;\"><strong>Imparare a lavorare con il marketing, la comunicazione, il digital:<br \/><\/strong>questo corso \u00e8 nato come un corso per imparare a gestire in modo professionale e aggiornato un\u2019attivit\u00e0 complessa come quella dei digital marketing &#8211; per centrare l&#8217;obiettivo di fornire una solida base di conoscenza, capace di spaziare dalla strategia generale all\u2019operativit\u00e0 mirata, dalla sintesi d\u2019insieme all\u2019analisi del singolo fattore \u2013 e al tempo stesso in modo aperto e aggiornato alle nuove tendenze.<\/p>\n<p style=\"text-align: justify;\"><strong>Un corso concentrato ma a tutto campo:<br \/><\/strong>il tempo che corsi convenzionali impiegano per trasmettere la formazione anche solo su un unico tema, noi lo abbiamo concentrato e massimizzato in un unico corso. Analisi dei dati, gestione degli strumenti, fino alle strategie e al digital advertising, passando per WordPress, i contenuti e il SEO. Con esempi pratici, il focus sui concetti base pi\u00f9 importanti e tanto, tanto allenamento pratico. Per imparare non solo a fare marketing, e a farlo bene, ma a ideare, individuare, definire un messaggio, un\u2019esperienza.<\/p>\n<p style=\"text-align: justify;\"><strong>Sperimentazione, partecipazione, verifica &#8211; Il metodo didattico:<br \/><\/strong>il corso poggia su una metodologia aperta, collaborativa e partecipativa, per unire il momento della spiegazione con la pratica e dunque dell\u2019apprendimento, lasciando spazio all\u2019approfondimento personale per ulteriori applicazioni. L\u2019obiettivo \u00e8 dare una formazione abbastanza omogenea facendo spesso collegamenti, rimandi, rinvii tra un ambito e l&#8217;altro proprio per esercitare la mente alla flessibilit\u00e0 che \u00e8 fondamentale per lavorare sul campo dei contenuti digitali.<\/p>\n<p style=\"text-align: justify;\"><strong>In ogni modulo, dalla lezione al lavoro pratico:<br \/><\/strong>ogni modulo prevede una verifica intermedia dove i Corsisti si esercitano concretamente nell\u2019impostazione di uno strumento o un documento operativo che si \u00e8 esaminato in fase di formazione: nella verifica finale i Corsisti completano e ottimizzano al meglio questo strumento. In questo modo la didattica prepara gi\u00e0 le condizioni per dimostrare praticamente l\u2019acquisizione di una competenza professionale essenziale.<\/p>\n<p>[\/et_pb_text][\/et_pb_column][et_pb_column type=&#8221;2_5&#8243; _builder_version=&#8221;4.16&#8243; global_colors_info=&#8221;{}&#8221;][et_pb_image src=&#8221;https:\/\/entefire.it\/fire\/wp-content\/uploads\/Digital-Marketing@2x.png&#8221; alt=&#8221;Digital Marketing&#8221; title_text=&#8221;Digital Marketing&#8221; _builder_version=&#8221;4.16&#8243; custom_padding=&#8221;21px||10px|||&#8221; global_colors_info=&#8221;{}&#8221;][\/et_pb_image][et_pb_image src=&#8221;https:\/\/entefire.it\/fire\/wp-content\/uploads\/Corso-online@2x.png&#8221; alt=&#8221;Corso online&#8221; title_text=&#8221;Corso online&#8221; _builder_version=&#8221;4.16&#8243; custom_margin=&#8221;||8px|||&#8221; custom_padding=&#8221;20px||20px||true|false&#8221; global_colors_info=&#8221;{}&#8221;][\/et_pb_image][et_pb_image src=&#8221;https:\/\/entefire.it\/fire\/wp-content\/uploads\/attestato@2x.png&#8221; title_text=&#8221;attestato@2x&#8221; _builder_version=&#8221;4.16&#8243; custom_margin=&#8221;||12px|||&#8221; custom_padding=&#8221;20px||20px||true|false&#8221; global_colors_info=&#8221;{}&#8221;][\/et_pb_image][et_pb_image src=&#8221;https:\/\/entefire.it\/fire\/wp-content\/uploads\/mac-e-win@2x.png&#8221; alt=&#8221;Win e Mac&#8221; title_text=&#8221;Win e Mac&#8221; _builder_version=&#8221;4.16&#8243; custom_margin=&#8221;||12px|||&#8221; custom_padding=&#8221;20px||20px||true|false&#8221; global_colors_info=&#8221;{}&#8221;][\/et_pb_image][\/et_pb_column][\/et_pb_row][et_pb_row _builder_version=&#8221;4.16&#8243; _module_preset=&#8221;default&#8221; custom_margin=&#8221;31px|auto||auto||&#8221; global_colors_info=&#8221;{}&#8221;][et_pb_column type=&#8221;4_4&#8243; _builder_version=&#8221;4.16&#8243; _module_preset=&#8221;default&#8221; global_colors_info=&#8221;{}&#8221;][et_pb_testimonial author=&#8221;Elisabetta M.&#8221; job_title=&#8221;Corso Digital Marketing &#038; CDO (200 ore)&#8221; portrait_url=&#8221;https:\/\/entefire.it\/fire\/wp-content\/uploads\/Moretti-Elisabetta.jpg&#8221; portrait_width=&#8221;110px&#8221; portrait_height=&#8221;110px&#8221; use_icon_font_size=&#8221;on&#8221; icon_font_size=&#8221;43px&#8221; _builder_version=&#8221;4.16&#8243; _module_preset=&#8221;default&#8221; author_font=&#8221;|700|on||||||&#8221; author_font_size=&#8221;16px&#8221; position_font=&#8221;|600|||||||&#8221; position_text_color=&#8221;#087ad7&#8243; box_shadow_style=&#8221;preset2&#8243; locked=&#8221;off&#8221; global_colors_info=&#8221;{}&#8221;]<\/p>\n<p>Il corso \u00e9 stato semplicemente straordinario. Diego e Gabriele sono due docenti incredibili. Fin dalla prima lezione ci hanno trasmesso con grande entusiamo e professionalit\u00e0 la loro passione per questo lavoro.<br \/>Ci \u00e8 stato fornito un Mindset di grande valore, una base solida da cui partire che ci aiuter\u00e0 a comprendere ed approfondire questi argomenti.<br \/>I docenti hanno sempre messo al primo posto le esigenze dei corsisti. Mettendosi a disposizione a 360\u00b0, con grande competenza e rispondendo ad ogni nostro dubbio o quesito, con la massima disponibilit\u00e0 e chiarezza. Inoltre ci hanno insegnato a valorizzare ogni nostro progetto.<br \/>Tra i corsisti si \u00e8 creato un vero e proprio team di lavoro, in cui ognuno ha potuto arricchirsi con le conoscenze degli altri.<br \/>Un percorso di crescita personale e professionale.<br \/>Per concludere, alla domanda: Consiglieresti questo corso? Risponderei: Assolutamente Sii!!!<\/p>\n<p>[\/et_pb_testimonial][\/et_pb_column][\/et_pb_row][\/et_pb_section][et_pb_section fb_built=&#8221;1&#8243; _builder_version=&#8221;4.16&#8243; _module_preset=&#8221;default&#8221; background_color=&#8221;rgba(0,0,0,0.1)&#8221; width=&#8221;100%&#8221; max_width=&#8221;100%&#8221; module_alignment=&#8221;center&#8221; custom_margin=&#8221;10px||19px||false|false&#8221; custom_padding=&#8221;20px||9px||false|false&#8221; border_radii=&#8221;on|60px|60px|60px|60px&#8221; border_width_all=&#8221;2px&#8221; border_color_all=&#8221;#087ad7&#8243; box_shadow_style=&#8221;preset2&#8243; locked=&#8221;off&#8221; global_colors_info=&#8221;{}&#8221;][et_pb_row column_structure=&#8221;1_3,1_3,1_3&#8243; _builder_version=&#8221;4.16&#8243; background_enable_color=&#8221;off&#8221; custom_padding=&#8221;14px||6px|||&#8221; global_colors_info=&#8221;{}&#8221;][et_pb_column type=&#8221;1_3&#8243; _builder_version=&#8221;4.16&#8243; global_colors_info=&#8221;{}&#8221;][et_pb_blurb title=&#8221;Durata&#8221; use_icon=&#8221;on&#8221; font_icon=&#8221;&#xe06b;||divi||400&#8243; icon_placement=&#8221;left&#8221; image_icon_width=&#8221;45px&#8221; _builder_version=&#8221;4.16&#8243; icon_font_size=&#8221;45px&#8221; global_colors_info=&#8221;{}&#8221;]<\/p>\n<p><strong>200 ore<\/strong> (circa 3,5 mesi)<\/p>\n<p>[\/et_pb_blurb][\/et_pb_column][et_pb_column type=&#8221;1_3&#8243; _builder_version=&#8221;4.16&#8243; global_colors_info=&#8221;{}&#8221;][et_pb_blurb title=&#8221;Frequenza&#8221; use_icon=&#8221;on&#8221; font_icon=&#8221;&#xe08d;||divi||400&#8243; icon_placement=&#8221;left&#8221; image_icon_width=&#8221;45px&#8221; _builder_version=&#8221;4.16&#8243; icon_font_size=&#8221;45px&#8221; global_colors_info=&#8221;{}&#8221;]<\/p>\n<p>Max <strong>4 lezioni a settimana<\/strong>.<br \/>3 o 4 ore a lezione<\/p>\n<p>[\/et_pb_blurb][\/et_pb_column][et_pb_column type=&#8221;1_3&#8243; _builder_version=&#8221;4.16&#8243; global_colors_info=&#8221;{}&#8221;][et_pb_blurb title=&#8221;Orari&#8221; use_icon=&#8221;on&#8221; font_icon=&#8221;&#xe06b;||divi||400&#8243; icon_placement=&#8221;left&#8221; image_icon_width=&#8221;45px&#8221; _builder_version=&#8221;4.16&#8243; icon_font_size=&#8221;45px&#8221; global_colors_info=&#8221;{}&#8221;]<\/p>\n<p>Mattina (<strong>9-13<\/strong>) <span style=\"text-decoration: underline;\"><strong>oppure<\/strong><\/span> pomeriggio (<strong>14.30-17.30<\/strong>)<\/p>\n<p>[\/et_pb_blurb][\/et_pb_column][\/et_pb_row][et_pb_row _builder_version=&#8221;4.16&#8243; _module_preset=&#8221;default&#8221; custom_padding=&#8221;13px||0px|||&#8221; global_colors_info=&#8221;{}&#8221;][et_pb_column type=&#8221;4_4&#8243; _builder_version=&#8221;4.16&#8243; _module_preset=&#8221;default&#8221; global_colors_info=&#8221;{}&#8221;][et_pb_divider _builder_version=&#8221;4.16&#8243; _module_preset=&#8221;default&#8221; global_colors_info=&#8221;{}&#8221;][\/et_pb_divider][\/et_pb_column][\/et_pb_row][et_pb_row column_structure=&#8221;1_3,1_3,1_3&#8243; _builder_version=&#8221;4.16&#8243; _module_preset=&#8221;default&#8221; custom_padding=&#8221;0px||5px|||&#8221; global_colors_info=&#8221;{}&#8221;][et_pb_column type=&#8221;1_3&#8243; _builder_version=&#8221;4.16&#8243; _module_preset=&#8221;default&#8221; global_colors_info=&#8221;{}&#8221;][et_pb_blurb title=&#8221;Costo&#8221; use_icon=&#8221;on&#8221; font_icon=&#8221;&#xe0d8;||divi||400&#8243; icon_placement=&#8221;left&#8221; image_icon_width=&#8221;45px&#8221; _builder_version=&#8221;4.16&#8243; icon_font_size=&#8221;45px&#8221; global_colors_info=&#8221;{}&#8221;]<\/p>\n<p>Il corso \u00e8 <strong>gratuito<\/strong><\/p>\n<p>[\/et_pb_blurb][\/et_pb_column][et_pb_column type=&#8221;1_3&#8243; _builder_version=&#8221;4.16&#8243; _module_preset=&#8221;default&#8221; global_colors_info=&#8221;{}&#8221;][et_pb_blurb title=&#8221;Modalit\u00e0&#8221; use_icon=&#8221;on&#8221; font_icon=&#8221;&#xe04a;||divi||400&#8243; icon_placement=&#8221;left&#8221; image_icon_width=&#8221;45px&#8221; _builder_version=&#8221;4.16&#8243; icon_font_size=&#8221;45px&#8221; locked=&#8221;off&#8221; global_colors_info=&#8221;{}&#8221;]<\/p>\n<p><strong>On-line<\/strong> <strong>live<\/strong> con il docente<\/p>\n<p>[\/et_pb_blurb][\/et_pb_column][et_pb_column type=&#8221;1_3&#8243; _builder_version=&#8221;4.16&#8243; _module_preset=&#8221;default&#8221; global_colors_info=&#8221;{}&#8221;][et_pb_blurb title=&#8221;Assenze&#8221; use_icon=&#8221;on&#8221; font_icon=&#8221;&#xe062;||divi||400&#8243; icon_placement=&#8221;left&#8221; image_icon_width=&#8221;45px&#8221; _builder_version=&#8221;4.16&#8243; custom_margin=&#8221;||4px|||&#8221; icon_font_size=&#8221;45px&#8221; locked=&#8221;off&#8221; global_colors_info=&#8221;{}&#8221;]<\/p>\n<p><span style=\"color: #000000;\">Fino a <strong>30 ore<\/strong><\/span><\/p>\n<p>[\/et_pb_blurb][\/et_pb_column][\/et_pb_row][et_pb_row _builder_version=&#8221;4.16&#8243; _module_preset=&#8221;default&#8221; custom_padding=&#8221;13px||0px|||&#8221; global_colors_info=&#8221;{}&#8221;][et_pb_column type=&#8221;4_4&#8243; _builder_version=&#8221;4.16&#8243; _module_preset=&#8221;default&#8221; global_colors_info=&#8221;{}&#8221;][et_pb_divider _builder_version=&#8221;4.16&#8243; _module_preset=&#8221;default&#8221; global_colors_info=&#8221;{}&#8221;][\/et_pb_divider][\/et_pb_column][\/et_pb_row][et_pb_row column_structure=&#8221;2_3,1_3&#8243; _builder_version=&#8221;4.16&#8243; background_enable_color=&#8221;off&#8221; custom_padding=&#8221;4px||0px|||&#8221; global_colors_info=&#8221;{}&#8221;][et_pb_column type=&#8221;2_3&#8243; _builder_version=&#8221;4.16&#8243; global_colors_info=&#8221;{}&#8221;][et_pb_blurb title=&#8221;Competenze ingresso&#8221; use_icon=&#8221;on&#8221; font_icon=&#8221;&#xe086;||divi||400&#8243; icon_placement=&#8221;left&#8221; image_icon_width=&#8221;45px&#8221; _builder_version=&#8221;4.16&#8243; icon_font_size=&#8221;45px&#8221; global_colors_info=&#8221;{}&#8221;]<\/p>\n<div class=\"page\" title=\"Page 3\">\n<div class=\"layoutArea\">\n<div class=\"column\">\n<p>Buona conoscenza del sistema operativo (Windows o macOS).\u00a0<strong>Eventuale conoscenza dell&#8217;HTML<\/strong>.<\/p>\n<\/div>\n<\/div>\n<\/div>\n<p>[\/et_pb_blurb][\/et_pb_column][et_pb_column type=&#8221;1_3&#8243; _builder_version=&#8221;4.16&#8243; global_colors_info=&#8221;{}&#8221;][et_pb_blurb title=&#8221;Difficolt\u00e0&#8221; use_icon=&#8221;on&#8221; font_icon=&#8221;&#xe0f2;||divi||400&#8243; icon_placement=&#8221;left&#8221; image_icon_width=&#8221;45px&#8221; _builder_version=&#8221;4.16&#8243; icon_font_size=&#8221;45px&#8221; global_colors_info=&#8221;{}&#8221;]<\/p>\n<p><img loading=\"lazy\" decoding=\"async\" src=\"https:\/\/entefire.it\/fire\/wp-content\/uploads\/Tag-MEDIO@2x.png\" width=\"215\" height=\"40\" alt=\"\" class=\"wp-image-16320 alignnone size-full\" title=\"\"><\/p>\n<p>[\/et_pb_blurb][\/et_pb_column][\/et_pb_row][et_pb_row _builder_version=&#8221;4.16&#8243; _module_preset=&#8221;default&#8221; custom_padding=&#8221;20px||0px|||&#8221; global_colors_info=&#8221;{}&#8221;][et_pb_column type=&#8221;4_4&#8243; _builder_version=&#8221;4.16&#8243; _module_preset=&#8221;default&#8221; global_colors_info=&#8221;{}&#8221;][et_pb_divider _builder_version=&#8221;4.16&#8243; _module_preset=&#8221;default&#8221; global_colors_info=&#8221;{}&#8221;][\/et_pb_divider][\/et_pb_column][\/et_pb_row][et_pb_row _builder_version=&#8221;4.16&#8243; _module_preset=&#8221;default&#8221; custom_padding=&#8221;0px||0px|||&#8221; global_colors_info=&#8221;{}&#8221;][et_pb_column type=&#8221;4_4&#8243; _builder_version=&#8221;4.16&#8243; _module_preset=&#8221;default&#8221; global_colors_info=&#8221;{}&#8221;][et_pb_blurb title=&#8221;Destinatari&#8221; use_icon=&#8221;on&#8221; font_icon=&#8221;&#xe08b;||divi||400&#8243; icon_placement=&#8221;left&#8221; image_icon_width=&#8221;45px&#8221; content_max_width=&#8221;100%&#8221; _builder_version=&#8221;4.16&#8243; custom_margin=&#8221;0px||17px||false|false&#8221; custom_padding=&#8221;||0px|||&#8221; icon_font_size=&#8221;45px&#8221; locked=&#8221;off&#8221; global_colors_info=&#8221;{}&#8221;]<\/p>\n<div class=\"page\" title=\"Page 1\" style=\"text-align: justify;\"><strong>12 residenti e\/o domiciliati<\/strong> in <strong>Liguria,<\/strong>\u00a0<strong>disoccupati,<\/strong> persone in stato di <strong>non occupazione <\/strong>[*], soggetti con maggiori difficolta\u0300 di inserimento lavorativo, persone a rischio di disoccupazione di lunga durata, senza specifiche riguardo all\u2019eta\u0300.<\/div>\n<p>[\/et_pb_blurb][\/et_pb_column][\/et_pb_row][et_pb_row _builder_version=&#8221;4.16&#8243; _module_preset=&#8221;default&#8221; custom_padding=&#8221;0px||0px|||&#8221; global_colors_info=&#8221;{}&#8221;][et_pb_column type=&#8221;4_4&#8243; _builder_version=&#8221;4.16&#8243; _module_preset=&#8221;default&#8221; global_colors_info=&#8221;{}&#8221;][et_pb_divider _builder_version=&#8221;4.16&#8243; _module_preset=&#8221;default&#8221; global_colors_info=&#8221;{}&#8221;][\/et_pb_divider][\/et_pb_column][\/et_pb_row][et_pb_row column_structure=&#8221;1_3,2_3&#8243; _builder_version=&#8221;4.16&#8243; background_enable_color=&#8221;off&#8221; custom_padding=&#8221;0px||15px|||&#8221; global_colors_info=&#8221;{}&#8221;][et_pb_column type=&#8221;1_3&#8243; _builder_version=&#8221;4.16&#8243; global_colors_info=&#8221;{}&#8221;][et_pb_blurb title=&#8221;Edizioni del corso&#8221; use_icon=&#8221;on&#8221; font_icon=&#8221;&#xe08d;||divi||400&#8243; icon_placement=&#8221;left&#8221; image_icon_width=&#8221;45px&#8221; _builder_version=&#8221;4.16&#8243; custom_margin=&#8221;||4px|||&#8221; icon_font_size=&#8221;45px&#8221; saved_tabs=&#8221;all&#8221; locked=&#8221;off&#8221; global_colors_info=&#8221;{}&#8221;][\/et_pb_blurb][\/et_pb_column][et_pb_column type=&#8221;2_3&#8243; _builder_version=&#8221;4.16&#8243; global_colors_info=&#8221;{}&#8221;][et_pb_text _builder_version=&#8221;4.16&#8243; _module_preset=&#8221;default&#8221; custom_margin=&#8221;||-2px|||&#8221; locked=&#8221;off&#8221; global_colors_info=&#8221;{}&#8221;]<\/p>\n<h4>Posti occupati per edizione (100% = corso al completo)<\/h4>\n<p>[\/et_pb_text][et_pb_counters _builder_version=&#8221;4.16&#8243; _module_preset=&#8221;default&#8221; title_font_size=&#8221;15px&#8221; global_colors_info=&#8221;{}&#8221;][et_pb_counter percent=&#8221;100&#8243; _builder_version=&#8221;4.16&#8243; _module_preset=&#8221;default&#8221; background_enable_video_mp4=&#8221;on&#8221; background_enable_video_webm=&#8221;on&#8221; global_colors_info=&#8221;{}&#8221; bar_background_color_default=&#8221;#087ad7&#8243; use_percentages=&#8221;on&#8221;]B2-1-1M: CONCLUSO[\/et_pb_counter][et_pb_counter percent=&#8221;100&#8243; _builder_version=&#8221;4.16&#8243; _module_preset=&#8221;default&#8221; background_enable_video_mp4=&#8221;on&#8221; background_enable_video_webm=&#8221;on&#8221; global_colors_info=&#8221;{}&#8221; bar_background_color_default=&#8221;#087ad7&#8243; use_percentages=&#8221;on&#8221;]B2-1-2M: CONCLUSO[\/et_pb_counter][et_pb_counter percent=&#8221;100&#8243; _builder_version=&#8221;4.16&#8243; _module_preset=&#8221;default&#8221; background_enable_video_mp4=&#8221;on&#8221; background_enable_video_webm=&#8221;on&#8221; global_colors_info=&#8221;{}&#8221; bar_background_color_default=&#8221;#087ad7&#8243; use_percentages=&#8221;on&#8221;]B2-1-3M: CONCLUSO[\/et_pb_counter][et_pb_counter percent=&#8221;100&#8243; _builder_version=&#8221;4.16&#8243; _module_preset=&#8221;default&#8221; background_enable_video_mp4=&#8221;on&#8221; background_enable_video_webm=&#8221;on&#8221; global_colors_info=&#8221;{}&#8221; bar_background_color_default=&#8221;#087ad7&#8243; use_percentages=&#8221;on&#8221;]B2-1-4P: CONCLUSO[\/et_pb_counter][et_pb_counter percent=&#8221;100&#8243; _builder_version=&#8221;4.16&#8243; _module_preset=&#8221;default&#8221; background_enable_video_mp4=&#8221;on&#8221; background_enable_video_webm=&#8221;on&#8221; global_colors_info=&#8221;{}&#8221; bar_background_color_default=&#8221;#087ad7&#8243; use_percentages=&#8221;on&#8221;]B2-1-5M: CONCLUSO[\/et_pb_counter][\/et_pb_counters][\/et_pb_column][\/et_pb_row][et_pb_row _builder_version=&#8221;4.19.4&#8243; _module_preset=&#8221;default&#8221; locked=&#8221;off&#8221; global_colors_info=&#8221;{}&#8221;][et_pb_column type=&#8221;4_4&#8243; _builder_version=&#8221;4.19.4&#8243; _module_preset=&#8221;default&#8221; global_colors_info=&#8221;{}&#8221;][et_pb_text _builder_version=&#8221;4.19.4&#8243; _module_preset=&#8221;default&#8221; text_font=&#8221;|700|||||||&#8221; text_text_color=&#8221;#FFFFFF&#8221; text_font_size=&#8221;20px&#8221; background_color=&#8221;#DA2C2A&#8221; text_orientation=&#8221;center&#8221; custom_margin=&#8221;||0px||false|false&#8221; custom_padding=&#8221;10px||10px||false|false&#8221; border_radii=&#8221;on|78px|78px|78px|78px&#8221; locked=&#8221;off&#8221; global_colors_info=&#8221;{}&#8221;]<\/p>\n<p>IL CORSO E&#8217; CONCLUSO<\/p>\n<p>[\/et_pb_text][\/et_pb_column][\/et_pb_row][\/et_pb_section][et_pb_section fb_built=&#8221;1&#8243; _builder_version=&#8221;4.16&#8243; _module_preset=&#8221;default&#8221; custom_padding=&#8221;30px||2px||false|false&#8221; locked=&#8221;off&#8221; global_colors_info=&#8221;{}&#8221;][et_pb_row column_structure=&#8221;3_5,2_5&#8243; admin_label=&#8221;Descrizione e immagini del corso&#8221; _builder_version=&#8221;4.16&#8243; custom_margin=&#8221;|auto|4px|auto||&#8221; custom_padding=&#8221;||37px|||&#8221; collapsed=&#8221;off&#8221; global_colors_info=&#8221;{}&#8221;][et_pb_column type=&#8221;3_5&#8243; _builder_version=&#8221;4.16&#8243; global_colors_info=&#8221;{}&#8221;][et_pb_text _builder_version=&#8221;4.16&#8243; global_colors_info=&#8221;{}&#8221;]<\/p>\n<h2>Programma del corso<\/h2>\n<p>[\/et_pb_text][et_pb_accordion _builder_version=&#8221;4.16&#8243; custom_margin=&#8221;||41px|||&#8221; border_width_all=&#8221;3px&#8221; border_color_all=&#8221;#c1c1c1&#8243; locked=&#8221;off&#8221; global_colors_info=&#8221;{}&#8221;][et_pb_accordion_item title=&#8221;Digital Marketing &#038; CDO&#8221; open=&#8221;on&#8221; _builder_version=&#8221;4.16&#8243; global_colors_info=&#8221;{}&#8221;]<\/p>\n<div class=\"page\" title=\"Page 3\">\n<div class=\"section\">\n<div class=\"layoutArea\">\n<div class=\"column\">\n<p>&nbsp;<\/p>\n<ul>\n<li><span>Canali, contenuti e SEO<\/span><\/li>\n<li><span>Analisi e gestione dei dati<\/span><\/li>\n<li><span>Strategie di digital marketing<\/span><\/li>\n<li><span>Gestione e strumenti<\/span><\/li>\n<li><span>WordPress ed E-commerce<\/span><\/li>\n<li><span>Digital Advertising<\/span><\/li>\n<\/ul>\n<\/div>\n<\/div>\n<\/div>\n<\/div>\n<p>[\/et_pb_accordion_item][\/et_pb_accordion][et_pb_testimonial author=&#8221;Daniela C.&#8221; job_title=&#8221;Corso Digital Marketing &#038; CDO (200 ore)&#8221; portrait_url=&#8221;https:\/\/entefire.it\/fire\/wp-content\/uploads\/Docente.png&#8221; portrait_width=&#8221;110px&#8221; portrait_height=&#8221;110px&#8221; use_icon_font_size=&#8221;on&#8221; icon_font_size=&#8221;43px&#8221; _builder_version=&#8221;4.16&#8243; _module_preset=&#8221;default&#8221; author_font=&#8221;|700|on||||||&#8221; author_font_size=&#8221;16px&#8221; position_font=&#8221;|600|||||||&#8221; position_text_color=&#8221;#087ad7&#8243; custom_margin=&#8221;91px|||||&#8221; box_shadow_style=&#8221;preset2&#8243; locked=&#8221;off&#8221; global_colors_info=&#8221;{}&#8221;]<\/p>\n<p style=\"text-align: left;\"><span>Il corso \u00e8 stato straordinario. Il docente ha affrontato un programma vastissimo, declinato secondo un criterio logico che ci ha portato per mano ad affrontare i temi pi\u00f9 complessi. I casi studiati sono stati numerosi cos\u00ec come gli esercizi e la pratica. Il nostro \u00e8 stato un gruppo di lavoro indovinato che ha partecipato ed interagito con passione, ma \u00e8 stato soprattutto l\u2019insegnante che ha reso possibile questo ottimo risultato. Ha messo a nostra completa disposizione la sua grande competenza verificando puntualmente, con riguardo, che tutti raggiungessimo gli obiettivi di ciascun modulo. La platea era varia indicativamente dai 20 ai 50 anni grosso modo, con formazione ed esperienze diverse fra di loro. Il docente ha saputo valorizzare un gruppo eterogeneo ed il retaggio di ciascuno \u00e8 stato un contributo per tutti. Consiglio questo corso senza alcun dubbio! Non pensate di non essere abbastanza qualificati o di essere troppo avanti perch\u00e9 grazie al nostro docente, in ogni caso, potrete imparare ad inquadrare il \u201cdigital marketing\u201d, il \u201cSEO\u201d \u2026 a pieno titolo come vere professioni e ad acquisire competenze che vi serviranno sicuramente per iniziare o continuare la vostra carriera.<\/span><\/p>\n<p>[\/et_pb_testimonial][\/et_pb_column][et_pb_column type=&#8221;2_5&#8243; _builder_version=&#8221;4.16&#8243; global_colors_info=&#8221;{}&#8221;][et_pb_text _builder_version=&#8221;4.16&#8243; locked=&#8221;off&#8221; global_colors_info=&#8221;{}&#8221;]<\/p>\n<h2>Recensioni<\/h2>\n<p>[\/et_pb_text][et_pb_wc_reviews show_avatar=&#8221;off&#8221; show_count=&#8221;off&#8221; disabled_on=&#8221;off|off|off&#8221; _builder_version=&#8221;4.27.4&#8243; _module_preset=&#8221;default&#8221; form_field_background_color=&#8221;#ffffff&#8221; form_field_text_color=&#8221;#0148aa&#8221; form_field_custom_margin=&#8221;8px||||false|false&#8221; header_font=&#8221;|700|||||||&#8221; header_text_align=&#8221;center&#8221; header_text_color=&#8221;#494949&#8243; title_text_color=&#8221;#494949&#8243; meta_text_color=&#8221;#da2c2a&#8221; meta_line_height=&#8221;2em&#8221; body_text_color=&#8221;#494949&#8243; rating_text_color=&#8221;#da2c2a&#8221; rating_font_size=&#8221;24px&#8221; background_color=&#8221;#ffd954&#8243; button_alignment=&#8221;center&#8221; custom_margin=&#8221;||91px|||&#8221; custom_padding=&#8221;17px|15px|0px|15px|false|false&#8221; animation_style=&#8221;slide&#8221; animation_direction=&#8221;right&#8221; border_radii=&#8221;on|30px|30px|30px|30px&#8221; border_width_all=&#8221;3px&#8221; border_color_all=&#8221;#ffffff&#8221; border_radii_fields=&#8221;on|10px|10px|10px|10px&#8221; border_width_all_fields=&#8221;1px&#8221; border_color_all_fields=&#8221;#c1c1c1&#8243; box_shadow_style=&#8221;preset2&#8243; box_shadow_style_fields=&#8221;preset3&#8243; global_module=&#8221;15197&#8243; saved_tabs=&#8221;all&#8221; locked=&#8221;off&#8221; global_colors_info=&#8221;{}&#8221;][\/et_pb_wc_reviews][\/et_pb_column][\/et_pb_row][\/et_pb_section][et_pb_section fb_built=&#8221;1&#8243; _builder_version=&#8221;4.16&#8243; _module_preset=&#8221;default&#8221; custom_margin=&#8221;||4px|||&#8221; custom_padding=&#8221;34px||0px|||&#8221; locked=&#8221;off&#8221; global_colors_info=&#8221;{}&#8221;][et_pb_row _builder_version=&#8221;4.16&#8243; _module_preset=&#8221;default&#8221; global_colors_info=&#8221;{}&#8221;][et_pb_column type=&#8221;4_4&#8243; _builder_version=&#8221;4.16&#8243; _module_preset=&#8221;default&#8221; global_colors_info=&#8221;{}&#8221;][et_pb_divider _builder_version=&#8221;4.16&#8243; _module_preset=&#8221;default&#8221; custom_margin=&#8221;||-11px|||&#8221; custom_padding=&#8221;||0px|||&#8221; global_colors_info=&#8221;{}&#8221;][\/et_pb_divider][\/et_pb_column][\/et_pb_row][et_pb_row column_structure=&#8221;2_5,3_5&#8243; _builder_version=&#8221;4.16&#8243; _module_preset=&#8221;default&#8221; custom_margin=&#8221;-17px|auto||auto||&#8221; custom_padding=&#8221;||7px|||&#8221; global_colors_info=&#8221;{}&#8221;][et_pb_column type=&#8221;2_5&#8243; _builder_version=&#8221;4.16&#8243; _module_preset=&#8221;default&#8221; global_colors_info=&#8221;{}&#8221;][et_pb_text _builder_version=&#8221;4.16&#8243; text_orientation=&#8221;center&#8221; custom_margin=&#8221;||||false|false&#8221; custom_padding=&#8221;4px|||24px|false|false&#8221; locked=&#8221;off&#8221; global_colors_info=&#8221;{}&#8221;]<\/p>\n<p style=\"text-align: justify;\">I corsi sono finanziati dal Programma Operativo Regione Liguria 2014-2020 Fondo Sociale Europeo Asse I &#8220;Occupazione&#8221; e Asse III &#8220;Istruzione e Formazione&#8221;.<\/p>\n<p>[\/et_pb_text][\/et_pb_column][et_pb_column type=&#8221;3_5&#8243; _builder_version=&#8221;4.16&#8243; _module_preset=&#8221;default&#8221; global_colors_info=&#8221;{}&#8221;][et_pb_image src=&#8221;https:\/\/entefire.it\/fire\/wp-content\/uploads\/Loghi-regione.png&#8221; alt=&#8221;Loghi Istituzioni&#8221; title_text=&#8221;Loghi Istituzioni&#8221; align=&#8221;center&#8221; _builder_version=&#8221;4.16&#8243; width=&#8221;400px&#8221; custom_margin=&#8221;8px||0px||false|false&#8221; custom_padding=&#8221;0px||0px||false|false&#8221; locked=&#8221;off&#8221; global_colors_info=&#8221;{}&#8221;][\/et_pb_image][\/et_pb_column][\/et_pb_row][et_pb_row _builder_version=&#8221;4.16&#8243; _module_preset=&#8221;default&#8221; global_colors_info=&#8221;{}&#8221;][et_pb_column type=&#8221;4_4&#8243; _builder_version=&#8221;4.16&#8243; _module_preset=&#8221;default&#8221; global_colors_info=&#8221;{}&#8221;][et_pb_divider _builder_version=&#8221;4.16&#8243; _module_preset=&#8221;default&#8221; global_colors_info=&#8221;{}&#8221;][\/et_pb_divider][\/et_pb_column][\/et_pb_row][\/et_pb_section][et_pb_section fb_built=&#8221;1&#8243; _builder_version=&#8221;4.16&#8243; _module_preset=&#8221;default&#8221; custom_margin=&#8221;||38px|||&#8221; custom_padding=&#8221;0px|||||&#8221; global_colors_info=&#8221;{}&#8221;][et_pb_row _builder_version=&#8221;4.16&#8243; _module_preset=&#8221;default&#8221; global_colors_info=&#8221;{}&#8221;][et_pb_column type=&#8221;4_4&#8243; _builder_version=&#8221;4.16&#8243; _module_preset=&#8221;default&#8221; global_colors_info=&#8221;{}&#8221;][et_pb_text _builder_version=&#8221;4.16&#8243; _module_preset=&#8221;default&#8221; global_colors_info=&#8221;{}&#8221;]<\/p>\n<p style=\"text-align: justify;\"><span><strong>[*]<\/strong> La condizione di non occupazione <\/span><span>fa riferimento alle persone che, ai sensi del D.Lgs.150\/2015 e della Circolare del Ministero del Lavoro e delle Politiche Sociali 34\/2015, non svolgono attivita\u0300 lavorativa, in forma subordinata, parasubordinata o autonoma ovvero a coloro che, pur svolgendo una tale attivita\u0300, ne ricavino un reddito annuo inferiore al reddito minimo escluso da imposizione. Tale limite e\u0300 attualmente pari, per le attivita\u0300 di lavoro subordinato o parasubordinato, ad euro 8.000 annui, e per quelle di lavoro autonomo ad euro 4.800.<\/span><\/p>\n<p>[\/et_pb_text][\/et_pb_column][\/et_pb_row][\/et_pb_section]<\/p>\n","protected":false},"excerpt":{"rendered":"<p>Corsi a voucher gratuiti\u00a0| Catalogo B2 DisoccupatiImparare a lavorare con il marketing, la comunicazione, il digital:questo corso \u00e8 nato come un corso per imparare a gestire in modo professionale e aggiornato un\u2019attivit\u00e0 complessa come quella dei digital marketing &#8211; per centrare l&#8217;obiettivo di fornire una solida base di conoscenza, capace di spaziare dalla strategia generale [&hellip;]<\/p>\n","protected":false},"featured_media":9831,"comment_status":"open","ping_status":"closed","template":"","meta":{"_et_pb_use_builder":"on","_et_pb_old_content":"","_et_gb_content_width":""},"product_brand":[],"product_cat":[281,54],"product_tag":[314,315,252],"class_list":{"0":"post-9829","1":"product","2":"type-product","3":"status-publish","4":"has-post-thumbnail","6":"product_cat-corsi-finanziati","7":"product_cat-corsi-online","8":"product_tag-cdo","9":"product_tag-digital-marketing","10":"product_tag-marketing","12":"first","13":"outofstock","14":"virtual","15":"taxable","16":"product-type-simple"},"_links":{"self":[{"href":"https:\/\/entefire.it\/fire\/wp-json\/wp\/v2\/product\/9829","targetHints":{"allow":["GET"]}}],"collection":[{"href":"https:\/\/entefire.it\/fire\/wp-json\/wp\/v2\/product"}],"about":[{"href":"https:\/\/entefire.it\/fire\/wp-json\/wp\/v2\/types\/product"}],"replies":[{"embeddable":true,"href":"https:\/\/entefire.it\/fire\/wp-json\/wp\/v2\/comments?post=9829"}],"wp:featuredmedia":[{"embeddable":true,"href":"https:\/\/entefire.it\/fire\/wp-json\/wp\/v2\/media\/9831"}],"wp:attachment":[{"href":"https:\/\/entefire.it\/fire\/wp-json\/wp\/v2\/media?parent=9829"}],"wp:term":[{"taxonomy":"product_brand","embeddable":true,"href":"https:\/\/entefire.it\/fire\/wp-json\/wp\/v2\/product_brand?post=9829"},{"taxonomy":"product_cat","embeddable":true,"href":"https:\/\/entefire.it\/fire\/wp-json\/wp\/v2\/product_cat?post=9829"},{"taxonomy":"product_tag","embeddable":true,"href":"https:\/\/entefire.it\/fire\/wp-json\/wp\/v2\/product_tag?post=9829"}],"curies":[{"name":"wp","href":"https:\/\/api.w.org\/{rel}","templated":true}]}}